{"id":28320,"date":"2022-09-23T04:34:11","date_gmt":"2022-09-23T04:34:11","guid":{"rendered":"https:\/\/movingcamera.de\/?page_id=28320"},"modified":"2023-02-22T17:17:23","modified_gmt":"2023-02-22T17:17:23","slug":"my-travel-book-berlin-eng","status":"publish","type":"page","link":"https:\/\/movingcamera.de\/?page_id=28320","title":{"rendered":"my travel book Berlin ENG"},"content":{"rendered":"\t\t<div data-elementor-type=\"wp-page\" data-elementor-id=\"28320\" class=\"elementor elementor-28320\" data-elementor-post-type=\"page\">\n\t\t\t\t\t\t\t\t\t<section class=\"elementor-section elementor-top-section elementor-element elementor-element-c720164 elementor-section-full_width elementor-section-stretched elementor-section-height-min-height elementor-section-height-default elementor-section-items-middle\" data-id=\"c720164\" data-element_type=\"section\" data-settings=\"{&quot;background_background&quot;:&quot;classic&quot;,&quot;stretch_section&quot;:&quot;section-stretched&quot;}\">\n\t\t\t\t\t\t\t<div class=\"elementor-background-overlay\"><\/div>\n\t\t\t\t\t\t\t<div class=\"elementor-container elementor-column-gap-no\">\n\t\t\t\t\t<div class=\"elementor-column elementor-col-100 elementor-top-column elementor-element elementor-element-ea15dd5\" data-id=\"ea15dd5\" data-element_type=\"column\">\n\t\t\t<div class=\"elementor-widget-wrap elementor-element-populated\">\n\t\t\t\t\t\t\t\t<div class=\"elementor-element elementor-element-e868f38 elementor-widget elementor-widget-heading\" data-id=\"e868f38\" data-element_type=\"widget\" data-widget_type=\"heading.default\">\n\t\t\t\t<div class=\"elementor-widget-container\">\n\t\t\t<h1 class=\"elementor-heading-title elementor-size-default\">MovingCamera<\/h1>\t\t<\/div>\n\t\t\t\t<\/div>\n\t\t\t\t<div class=\"elementor-element elementor-element-88a2eb1 elementor-widget elementor-widget-heading\" data-id=\"88a2eb1\" data-element_type=\"widget\" data-widget_type=\"heading.default\">\n\t\t\t\t<div class=\"elementor-widget-container\">\n\t\t\t<h2 class=\"elementor-heading-title elementor-size-default\">Photography & Travel<\/h2>\t\t<\/div>\n\t\t\t\t<\/div>\n\t\t\t\t\t<\/div>\n\t\t<\/div>\n\t\t\t\t\t\t\t<\/div>\n\t\t<\/section>\n\t\t\t\t<section class=\"elementor-section elementor-top-section elementor-element elementor-element-e2dc924 elementor-section-boxed elementor-section-height-default elementor-section-height-default\" data-id=\"e2dc924\" data-element_type=\"section\">\n\t\t\t\t\t\t<div class=\"elementor-container elementor-column-gap-default\">\n\t\t\t\t\t<div class=\"elementor-column elementor-col-100 elementor-top-column elementor-element elementor-element-6100c44\" data-id=\"6100c44\" data-element_type=\"column\">\n\t\t\t<div class=\"elementor-widget-wrap elementor-element-populated\">\n\t\t\t\t\t\t\t\t<div class=\"elementor-element elementor-element-9140be2 elementor-widget elementor-widget-text-editor\" data-id=\"9140be2\" data-element_type=\"widget\" data-widget_type=\"text-editor.default\">\n\t\t\t\t<div class=\"elementor-widget-container\">\n\t\t\t\t\t\t\t<p>\/\/\/ Photo trip Berlin\u00a0<\/p>\t\t\t\t\t\t<\/div>\n\t\t\t\t<\/div>\n\t\t\t\t\t<\/div>\n\t\t<\/div>\n\t\t\t\t\t\t\t<\/div>\n\t\t<\/section>\n\t\t\t\t<section class=\"elementor-section elementor-top-section elementor-element elementor-element-17222c7 elementor-section-boxed elementor-section-height-default elementor-section-height-default\" data-id=\"17222c7\" data-element_type=\"section\">\n\t\t\t\t\t\t<div class=\"elementor-container elementor-column-gap-default\">\n\t\t\t\t\t<div class=\"elementor-column elementor-col-100 elementor-top-column elementor-element elementor-element-d174f2f\" data-id=\"d174f2f\" data-element_type=\"column\">\n\t\t\t<div class=\"elementor-widget-wrap elementor-element-populated\">\n\t\t\t\t\t\t\t\t<div class=\"elementor-element elementor-element-2b3acbd elementor-widget elementor-widget-image\" data-id=\"2b3acbd\" data-element_type=\"widget\" data-widget_type=\"image.default\">\n\t\t\t\t<div class=\"elementor-widget-container\">\n\t\t\t\t\t\t\t\t\t\t\t\t\t\t\t<img fetchpriority=\"high\" decoding=\"async\" width=\"2560\" height=\"2560\" src=\"https:\/\/movingcamera.de\/wp-content\/uploads\/2022\/01\/DSF3368_2-b-2-scaled.jpg\" class=\"attachment-full size-full wp-image-26493\" alt=\"\" srcset=\"https:\/\/movingcamera.de\/wp-content\/uploads\/2022\/01\/DSF3368_2-b-2-scaled.jpg 2560w, https:\/\/movingcamera.de\/wp-content\/uploads\/2022\/01\/DSF3368_2-b-2-300x300.jpg 300w, https:\/\/movingcamera.de\/wp-content\/uploads\/2022\/01\/DSF3368_2-b-2-700x700.jpg 700w, https:\/\/movingcamera.de\/wp-content\/uploads\/2022\/01\/DSF3368_2-b-2-150x150.jpg 150w, https:\/\/movingcamera.de\/wp-content\/uploads\/2022\/01\/DSF3368_2-b-2-768x768.jpg 768w, https:\/\/movingcamera.de\/wp-content\/uploads\/2022\/01\/DSF3368_2-b-2-1536x1536.jpg 1536w, https:\/\/movingcamera.de\/wp-content\/uploads\/2022\/01\/DSF3368_2-b-2-2048x2048.jpg 2048w, https:\/\/movingcamera.de\/wp-content\/uploads\/2022\/01\/DSF3368_2-b-2-440x440.jpg 440w, https:\/\/movingcamera.de\/wp-content\/uploads\/2022\/01\/DSF3368_2-b-2-610x610.jpg 610w, https:\/\/movingcamera.de\/wp-content\/uploads\/2022\/01\/DSF3368_2-b-2-144x144.jpg 144w\" sizes=\"(max-width: 2560px) 100vw, 2560px\" \/>\t\t\t\t\t\t\t\t\t\t\t\t\t\t\t<\/div>\n\t\t\t\t<\/div>\n\t\t\t\t\t<\/div>\n\t\t<\/div>\n\t\t\t\t\t\t\t<\/div>\n\t\t<\/section>\n\t\t\t\t<section class=\"elementor-section elementor-top-section elementor-element elementor-element-99681ec elementor-section-boxed elementor-section-height-default elementor-section-height-default\" data-id=\"99681ec\" data-element_type=\"section\">\n\t\t\t\t\t\t<div class=\"elementor-container elementor-column-gap-default\">\n\t\t\t\t\t<div class=\"elementor-column elementor-col-100 elementor-top-column elementor-element elementor-element-a0e367d\" data-id=\"a0e367d\" data-element_type=\"column\">\n\t\t\t<div class=\"elementor-widget-wrap elementor-element-populated\">\n\t\t\t\t\t\t\t\t<div class=\"elementor-element elementor-element-662742b elementor-drop-cap-yes elementor-drop-cap-view-default elementor-widget elementor-widget-text-editor\" data-id=\"662742b\" data-element_type=\"widget\" data-settings=\"{&quot;drop_cap&quot;:&quot;yes&quot;}\" data-widget_type=\"text-editor.default\">\n\t\t\t\t<div class=\"elementor-widget-container\">\n\t\t\t\t\t\t\t<p>Finally back in Berlin. After a really long time it was a great feeling to stay in the capital. Since I used to live in Berlin for years, every visit here means coming home for me. I had a whole week to set out on some of the photographic goals that I had picked out. I took the weather as it came, from temperatures -10 to +12. Sunny, bright blue sky, to cloudy and greyish. All in all, I enjoyed and made the most of my time until the last moment.<\/p><p>Here I was at the Oberbaum Bridge on the Spree, built in 1894, which connects the districts of Kreuzberg and Friedrichshain. The Friedrichsheim-Kreuzberg landmark is probably also known to many because this region has a lot to offer on the party mile. So if you are in Berlin, you should simply drive to U Schlesisches Tor. Berlin, always worth a trip.<\/p>\t\t\t\t\t\t<\/div>\n\t\t\t\t<\/div>\n\t\t\t\t<div class=\"elementor-element elementor-element-5042d92 elementor-widget elementor-widget-text-editor\" data-id=\"5042d92\" data-element_type=\"widget\" data-widget_type=\"text-editor.default\">\n\t\t\t\t<div class=\"elementor-widget-container\">\n\t\t\t\t\t\t\t<p>\u00a0 \u00a0 \u00a0 \u00a0 \u00a0 \u00a0 \u00a0 \u00a0 \u00a0 \u00a0 \u00a0 \u00a0 \u00a0 \u00a0 \u00a0 \u00a0 \u00a0 \u00a0 \u00a0 \u00a0 \u00a0 \u00a0 \u00a0 \u00a0 \u00a0 \u00a0 \u00a0 \u00a0 \u00a0 \u00a0 \u00a0 \u00a0 \u00a0 \u00a0 \u00a0 \u00a0 \u00a0 \u00a0 \u00a0\u00a0<\/p>\t\t\t\t\t\t<\/div>\n\t\t\t\t<\/div>\n\t\t\t\t\t<\/div>\n\t\t<\/div>\n\t\t\t\t\t\t\t<\/div>\n\t\t<\/section>\n\t\t\t\t<section class=\"elementor-section elementor-top-section elementor-element elementor-element-50510ec elementor-section-boxed elementor-section-height-default elementor-section-height-default\" data-id=\"50510ec\" data-element_type=\"section\">\n\t\t\t\t\t\t<div class=\"elementor-container elementor-column-gap-default\">\n\t\t\t\t\t<div class=\"elementor-column elementor-col-100 elementor-top-column elementor-element elementor-element-2138d84\" data-id=\"2138d84\" data-element_type=\"column\">\n\t\t\t<div class=\"elementor-widget-wrap elementor-element-populated\">\n\t\t\t\t\t\t\t\t<div class=\"elementor-element elementor-element-92624fd elementor-widget elementor-widget-image\" data-id=\"92624fd\" data-element_type=\"widget\" data-widget_type=\"image.default\">\n\t\t\t\t<div class=\"elementor-widget-container\">\n\t\t\t\t\t\t\t\t\t\t\t\t\t\t\t<img decoding=\"async\" width=\"2402\" height=\"2560\" src=\"https:\/\/movingcamera.de\/wp-content\/uploads\/2022\/01\/DSF3363_4-s-frame-Kopie-scaled.jpg\" class=\"attachment-full size-full wp-image-26512\" alt=\"DSF3363_4-s-frame-Kopie\" srcset=\"https:\/\/movingcamera.de\/wp-content\/uploads\/2022\/01\/DSF3363_4-s-frame-Kopie-scaled.jpg 2402w, https:\/\/movingcamera.de\/wp-content\/uploads\/2022\/01\/DSF3363_4-s-frame-Kopie-281x300.jpg 281w, https:\/\/movingcamera.de\/wp-content\/uploads\/2022\/01\/DSF3363_4-s-frame-Kopie-700x746.jpg 700w, https:\/\/movingcamera.de\/wp-content\/uploads\/2022\/01\/DSF3363_4-s-frame-Kopie-768x819.jpg 768w, https:\/\/movingcamera.de\/wp-content\/uploads\/2022\/01\/DSF3363_4-s-frame-Kopie-1441x1536.jpg 1441w, https:\/\/movingcamera.de\/wp-content\/uploads\/2022\/01\/DSF3363_4-s-frame-Kopie-1921x2048.jpg 1921w, https:\/\/movingcamera.de\/wp-content\/uploads\/2022\/01\/DSF3363_4-s-frame-Kopie-440x469.jpg 440w\" sizes=\"(max-width: 2402px) 100vw, 2402px\" \/>\t\t\t\t\t\t\t\t\t\t\t\t\t\t\t<\/div>\n\t\t\t\t<\/div>\n\t\t\t\t\t<\/div>\n\t\t<\/div>\n\t\t\t\t\t\t\t<\/div>\n\t\t<\/section>\n\t\t\t\t<section class=\"elementor-section elementor-top-section elementor-element elementor-element-7f23416 elementor-section-boxed elementor-section-height-default elementor-section-height-default\" data-id=\"7f23416\" data-element_type=\"section\">\n\t\t\t\t\t\t<div class=\"elementor-container elementor-column-gap-default\">\n\t\t\t\t\t<div class=\"elementor-column elementor-col-100 elementor-top-column elementor-element elementor-element-ce6dd04\" data-id=\"ce6dd04\" data-element_type=\"column\">\n\t\t\t<div class=\"elementor-widget-wrap elementor-element-populated\">\n\t\t\t\t\t\t\t\t<div class=\"elementor-element elementor-element-c3e7fd7 elementor-drop-cap-yes elementor-drop-cap-view-default elementor-widget elementor-widget-text-editor\" data-id=\"c3e7fd7\" data-element_type=\"widget\" data-settings=\"{&quot;drop_cap&quot;:&quot;yes&quot;}\" data-widget_type=\"text-editor.default\">\n\t\t\t\t<div class=\"elementor-widget-container\">\n\t\t\t\t\t\t\t<p>One of my goals for the day was to visit the island of youth, located between Treptower Park and Forst Pl\u00e4nterwald. Of course, I was very curious to see what would await me there away from the tourist paths, away from the hustle and bustle of the city.<\/p><p>When I got there, I saw it, the eye-catcher for my picture, the Abbey Bridge, which is the oldest composite steel bridge in Germany and the only access to the island. However, before I crossed over, I found my location to take photos. It was a good idea to take pictures on the right and left. However, letting the bridge run into the picture from the right seemed more appropriate to me, as it focused the view more on the island.<\/p><p>Last but not least, I took the opportunity to cross the bridge to explore the island in the middle of the Spree. A wonderful piece of land, which is also used as an experimental site for all forms of art. Numerous cultural offerings, including live music, take place there again and again for young and old.<\/p><p>I made a conscious decision to present the picture in black and white. For me a nice reduction to the essentials. Hopefully it reflects the calm I felt around me.<\/p>\t\t\t\t\t\t<\/div>\n\t\t\t\t<\/div>\n\t\t\t\t\t<\/div>\n\t\t<\/div>\n\t\t\t\t\t\t\t<\/div>\n\t\t<\/section>\n\t\t\t\t<section class=\"elementor-section elementor-top-section elementor-element elementor-element-393cb89 elementor-section-boxed elementor-section-height-default elementor-section-height-default\" data-id=\"393cb89\" data-element_type=\"section\">\n\t\t\t\t\t\t<div class=\"elementor-container elementor-column-gap-default\">\n\t\t\t\t\t<div class=\"elementor-column elementor-col-100 elementor-top-column elementor-element elementor-element-9c8a62c\" data-id=\"9c8a62c\" data-element_type=\"column\">\n\t\t\t<div class=\"elementor-widget-wrap elementor-element-populated\">\n\t\t\t\t\t\t\t\t<div class=\"elementor-element elementor-element-9a56c28 elementor-widget elementor-widget-image\" data-id=\"9a56c28\" data-element_type=\"widget\" data-widget_type=\"image.default\">\n\t\t\t\t<div class=\"elementor-widget-container\">\n\t\t\t\t\t\t\t\t\t\t\t\t\t\t\t<img decoding=\"async\" width=\"1037\" height=\"1037\" src=\"https:\/\/movingcamera.de\/wp-content\/uploads\/2022\/01\/DSF3374_5-frame-1-1.jpg\" class=\"attachment-full size-full wp-image-26531\" alt=\"_DSF3374_5 frame 1-1\" srcset=\"https:\/\/movingcamera.de\/wp-content\/uploads\/2022\/01\/DSF3374_5-frame-1-1.jpg 1037w, https:\/\/movingcamera.de\/wp-content\/uploads\/2022\/01\/DSF3374_5-frame-1-1-300x300.jpg 300w, https:\/\/movingcamera.de\/wp-content\/uploads\/2022\/01\/DSF3374_5-frame-1-1-700x700.jpg 700w, https:\/\/movingcamera.de\/wp-content\/uploads\/2022\/01\/DSF3374_5-frame-1-1-150x150.jpg 150w, https:\/\/movingcamera.de\/wp-content\/uploads\/2022\/01\/DSF3374_5-frame-1-1-768x768.jpg 768w, https:\/\/movingcamera.de\/wp-content\/uploads\/2022\/01\/DSF3374_5-frame-1-1-440x440.jpg 440w, https:\/\/movingcamera.de\/wp-content\/uploads\/2022\/01\/DSF3374_5-frame-1-1-610x610.jpg 610w, https:\/\/movingcamera.de\/wp-content\/uploads\/2022\/01\/DSF3374_5-frame-1-1-144x144.jpg 144w\" sizes=\"(max-width: 1037px) 100vw, 1037px\" \/>\t\t\t\t\t\t\t\t\t\t\t\t\t\t\t<\/div>\n\t\t\t\t<\/div>\n\t\t\t\t\t<\/div>\n\t\t<\/div>\n\t\t\t\t\t\t\t<\/div>\n\t\t<\/section>\n\t\t\t\t<section class=\"elementor-section elementor-top-section elementor-element elementor-element-ddee4c8 elementor-section-boxed elementor-section-height-default elementor-section-height-default\" data-id=\"ddee4c8\" data-element_type=\"section\">\n\t\t\t\t\t\t<div class=\"elementor-container elementor-column-gap-default\">\n\t\t\t\t\t<div class=\"elementor-column elementor-col-100 elementor-top-column elementor-element elementor-element-2e51a3e\" data-id=\"2e51a3e\" data-element_type=\"column\">\n\t\t\t<div class=\"elementor-widget-wrap elementor-element-populated\">\n\t\t\t\t\t\t\t\t<div class=\"elementor-element elementor-element-5eed8f5 elementor-drop-cap-yes elementor-drop-cap-view-default elementor-widget elementor-widget-text-editor\" data-id=\"5eed8f5\" data-element_type=\"widget\" data-settings=\"{&quot;drop_cap&quot;:&quot;yes&quot;}\" data-widget_type=\"text-editor.default\">\n\t\t\t\t<div class=\"elementor-widget-container\">\n\t\t\t\t\t\t\t<p>Of course, as always, I was excited about what to expect. So it started for me quite early in the morning in fairly stable weather, although there was rain in the air, right after breakfast.<\/p><p>First I headed for the &#8222;Island of Youth&#8220; in Treptower Park, from there to the &#8222;Oberbaumbr\u00fccke&#8220; in Friedrichshain \/ Kreuzberg and finally, just in time before sunset, to the &#8222;Tegeler Hafenbr\u00fccke&#8220; in the district of Tegel, which I also didn&#8217;t know. The truss arch bridge was built in 1908. With a length of 91 meters, the pedestrian bridge spans the entrance to Tegler Hafen and the mouth of the Tegeler Fliess. Today it is a listed building and is often used as a backdrop for filming.<\/p><p>By the way, the Teglerbr\u00fccke is also popularly known as the &#8222;Six Bridge&#8220;. That&#8217;s because in 19th-century Berlin you had to pay half a groschen, i.e. a six, to cross some of the city&#8217;s major bridges.<\/p>\t\t\t\t\t\t<\/div>\n\t\t\t\t<\/div>\n\t\t\t\t<div class=\"elementor-element elementor-element-8d9613f elementor-widget elementor-widget-text-editor\" data-id=\"8d9613f\" data-element_type=\"widget\" data-widget_type=\"text-editor.default\">\n\t\t\t\t<div class=\"elementor-widget-container\">\n\t\t\t\t\t\t\t<p>\u00a0 \u00a0 \u00a0 \u00a0 \u00a0 \u00a0 \u00a0 \u00a0 \u00a0 \u00a0 \u00a0 \u00a0 \u00a0 \u00a0 \u00a0 \u00a0 \u00a0 \u00a0 \u00a0 \u00a0 \u00a0 \u00a0 \u00a0 \u00a0 \u00a0 \u00a0 \u00a0 \u00a0 \u00a0 \u00a0 \u00a0 \u00a0 \u00a0 \u00a0 \u00a0 \u00a0 \u00a0 \u00a0 \u00a0\u00a0<\/p>\t\t\t\t\t\t<\/div>\n\t\t\t\t<\/div>\n\t\t\t\t\t<\/div>\n\t\t<\/div>\n\t\t\t\t\t\t\t<\/div>\n\t\t<\/section>\n\t\t\t\t<section class=\"elementor-section elementor-top-section elementor-element elementor-element-cf48263 elementor-section-boxed elementor-section-height-default elementor-section-height-default\" data-id=\"cf48263\" data-element_type=\"section\">\n\t\t\t\t\t\t<div class=\"elementor-container elementor-column-gap-default\">\n\t\t\t\t\t<div class=\"elementor-column elementor-col-100 elementor-top-column elementor-element elementor-element-b26b23e\" data-id=\"b26b23e\" data-element_type=\"column\">\n\t\t\t<div class=\"elementor-widget-wrap elementor-element-populated\">\n\t\t\t\t\t\t\t\t<div class=\"elementor-element elementor-element-7d6aace elementor-widget elementor-widget-image\" data-id=\"7d6aace\" data-element_type=\"widget\" data-widget_type=\"image.default\">\n\t\t\t\t<div class=\"elementor-widget-container\">\n\t\t\t\t\t\t\t\t\t\t\t\t\t\t\t<img loading=\"lazy\" decoding=\"async\" width=\"1888\" height=\"1063\" src=\"https:\/\/movingcamera.de\/wp-content\/uploads\/2022\/01\/DSF3382_1-16-9-s.jpg\" class=\"attachment-full size-full wp-image-26536\" alt=\"_DSF3382_1-16-9 s\" srcset=\"https:\/\/movingcamera.de\/wp-content\/uploads\/2022\/01\/DSF3382_1-16-9-s.jpg 1888w, https:\/\/movingcamera.de\/wp-content\/uploads\/2022\/01\/DSF3382_1-16-9-s-300x169.jpg 300w, https:\/\/movingcamera.de\/wp-content\/uploads\/2022\/01\/DSF3382_1-16-9-s-700x394.jpg 700w, https:\/\/movingcamera.de\/wp-content\/uploads\/2022\/01\/DSF3382_1-16-9-s-768x432.jpg 768w, https:\/\/movingcamera.de\/wp-content\/uploads\/2022\/01\/DSF3382_1-16-9-s-1536x865.jpg 1536w, https:\/\/movingcamera.de\/wp-content\/uploads\/2022\/01\/DSF3382_1-16-9-s-440x248.jpg 440w\" sizes=\"(max-width: 1888px) 100vw, 1888px\" \/>\t\t\t\t\t\t\t\t\t\t\t\t\t\t\t<\/div>\n\t\t\t\t<\/div>\n\t\t\t\t\t<\/div>\n\t\t<\/div>\n\t\t\t\t\t\t\t<\/div>\n\t\t<\/section>\n\t\t\t\t<section class=\"elementor-section elementor-top-section elementor-element elementor-element-099d287 elementor-section-boxed elementor-section-height-default elementor-section-height-default\" data-id=\"099d287\" data-element_type=\"section\">\n\t\t\t\t\t\t<div class=\"elementor-container elementor-column-gap-default\">\n\t\t\t\t\t<div class=\"elementor-column elementor-col-100 elementor-top-column elementor-element elementor-element-f9d5ef1\" data-id=\"f9d5ef1\" data-element_type=\"column\">\n\t\t\t<div class=\"elementor-widget-wrap elementor-element-populated\">\n\t\t\t\t\t\t\t\t<div class=\"elementor-element elementor-element-8b77822 elementor-drop-cap-yes elementor-drop-cap-view-default elementor-widget elementor-widget-text-editor\" data-id=\"8b77822\" data-element_type=\"widget\" data-settings=\"{&quot;drop_cap&quot;:&quot;yes&quot;}\" data-widget_type=\"text-editor.default\">\n\t\t\t\t<div class=\"elementor-widget-container\">\n\t\t\t\t\t\t\t<p>This picture was taken shortly after sunset at Lake Tegel, in the Berlin district of Tegel in the Reinickendorf district. After I had captured my picture of the Tegeler Hafenbr\u00fccke, popularly known as the &#8222;Six Bridge&#8220;, on the chip.<\/p><p>I had packed everything together to start my way back. From my vantage point I looked directly over to the lake and the thought came to me to catch the rest of the light in order to capture this atmosphere that was brewing. The sun had already set, which I found very appealing. I quickly ran back across the bridge to the shore of the lake. My tripod was quickly set up. Just attach the camera and filter and off you go. The two bridges in the front collar were just too predestined to help shape my picture. Wonderful, the view of the small island &#8222;Hasslewerder&#8220; lying in the middle of the lake. It was wonderful that there were also appropriately atmospheric lights from nearby boats and houses on the horizon.<\/p><p>For me, another remarkable and varied photo day came to an end here at the lake. On my way back to the Alt-Tegel subway station, I stopped at an Indian restaurant with an appetite. Great, it was to my liking.<\/p>\t\t\t\t\t\t<\/div>\n\t\t\t\t<\/div>\n\t\t\t\t\t<\/div>\n\t\t<\/div>\n\t\t\t\t\t\t\t<\/div>\n\t\t<\/section>\n\t\t\t\t<section class=\"elementor-section elementor-top-section elementor-element elementor-element-2d75298 elementor-section-boxed elementor-section-height-default elementor-section-height-default\" data-id=\"2d75298\" data-element_type=\"section\">\n\t\t\t\t\t\t<div class=\"elementor-container elementor-column-gap-default\">\n\t\t\t\t\t<div class=\"elementor-column elementor-col-100 elementor-top-column elementor-element elementor-element-fee38ab\" data-id=\"fee38ab\" data-element_type=\"column\">\n\t\t\t<div class=\"elementor-widget-wrap elementor-element-populated\">\n\t\t\t\t\t\t\t\t<div class=\"elementor-element elementor-element-251a1ac elementor-widget elementor-widget-image\" data-id=\"251a1ac\" data-element_type=\"widget\" data-widget_type=\"image.default\">\n\t\t\t\t<div class=\"elementor-widget-container\">\n\t\t\t\t\t\t\t\t\t\t\t\t\t\t\t<img loading=\"lazy\" decoding=\"async\" width=\"2560\" height=\"1440\" src=\"https:\/\/movingcamera.de\/wp-content\/uploads\/2022\/01\/DSF3282_1-b-16-9-scaled.jpg\" class=\"attachment-full size-full wp-image-26483\" alt=\"DSF3282_1-b-16-9\" srcset=\"https:\/\/movingcamera.de\/wp-content\/uploads\/2022\/01\/DSF3282_1-b-16-9-scaled.jpg 2560w, https:\/\/movingcamera.de\/wp-content\/uploads\/2022\/01\/DSF3282_1-b-16-9-300x169.jpg 300w, https:\/\/movingcamera.de\/wp-content\/uploads\/2022\/01\/DSF3282_1-b-16-9-700x394.jpg 700w, https:\/\/movingcamera.de\/wp-content\/uploads\/2022\/01\/DSF3282_1-b-16-9-768x432.jpg 768w, https:\/\/movingcamera.de\/wp-content\/uploads\/2022\/01\/DSF3282_1-b-16-9-1536x864.jpg 1536w, https:\/\/movingcamera.de\/wp-content\/uploads\/2022\/01\/DSF3282_1-b-16-9-2048x1152.jpg 2048w, https:\/\/movingcamera.de\/wp-content\/uploads\/2022\/01\/DSF3282_1-b-16-9-440x248.jpg 440w\" sizes=\"(max-width: 2560px) 100vw, 2560px\" \/>\t\t\t\t\t\t\t\t\t\t\t\t\t\t\t<\/div>\n\t\t\t\t<\/div>\n\t\t\t\t\t<\/div>\n\t\t<\/div>\n\t\t\t\t\t\t\t<\/div>\n\t\t<\/section>\n\t\t\t\t<section class=\"elementor-section elementor-top-section elementor-element elementor-element-7be19dc elementor-section-boxed elementor-section-height-default elementor-section-height-default\" data-id=\"7be19dc\" data-element_type=\"section\">\n\t\t\t\t\t\t<div class=\"elementor-container elementor-column-gap-default\">\n\t\t\t\t\t<div class=\"elementor-column elementor-col-100 elementor-top-column elementor-element elementor-element-c614bb3\" data-id=\"c614bb3\" data-element_type=\"column\">\n\t\t\t<div class=\"elementor-widget-wrap elementor-element-populated\">\n\t\t\t\t\t\t\t\t<div class=\"elementor-element elementor-element-a1a2ad2 elementor-drop-cap-yes elementor-drop-cap-view-default elementor-widget elementor-widget-text-editor\" data-id=\"a1a2ad2\" data-element_type=\"widget\" data-settings=\"{&quot;drop_cap&quot;:&quot;yes&quot;}\" data-widget_type=\"text-editor.default\">\n\t\t\t\t<div class=\"elementor-widget-container\">\n\t\t\t\t\t\t\t<p>It inspires me again and again to include the different weather conditions between the seasons as an exciting stylistic device. This time I was able to give myself enough time to pick out locations and views around the Reichstagufer for myself.<\/p><p>My point of view here, the library of the German Bundestag. From there, because it is so beautifully elevated, there is a great view of the Reichstag building, the Spree and the promenade. On the right, the view leads past the Paul-L\u00f6be-Haus, in the distance you can still see the roof of the &#8222;House of World Cultures&#8220;. To the left of the Reichstag building, adjacent to Friedrich-Ebert-Platz, the Reichstag President&#8217;s Palace is barely visible. Here historical and modern architecture are stylishly presented together.<\/p><p>On the right is the Marie-Elisabeth-Lueders-Haus, the third new parliament building on the Spree, on the left is the Paul-L\u00f6be-Haus, designed by the architect Stephan Braunfels.<\/p>\t\t\t\t\t\t<\/div>\n\t\t\t\t<\/div>\n\t\t\t\t\t<\/div>\n\t\t<\/div>\n\t\t\t\t\t\t\t<\/div>\n\t\t<\/section>\n\t\t\t\t<section class=\"elementor-section elementor-top-section elementor-element elementor-element-83ac63a elementor-section-boxed elementor-section-height-default elementor-section-height-default\" data-id=\"83ac63a\" data-element_type=\"section\">\n\t\t\t\t\t\t<div class=\"elementor-container elementor-column-gap-default\">\n\t\t\t\t\t<div class=\"elementor-column elementor-col-100 elementor-top-column elementor-element elementor-element-fa63d3b\" data-id=\"fa63d3b\" data-element_type=\"column\">\n\t\t\t<div class=\"elementor-widget-wrap elementor-element-populated\">\n\t\t\t\t\t\t\t\t<div class=\"elementor-element elementor-element-75c030c elementor-widget elementor-widget-image\" data-id=\"75c030c\" data-element_type=\"widget\" data-widget_type=\"image.default\">\n\t\t\t\t<div class=\"elementor-widget-container\">\n\t\t\t\t\t\t\t\t\t\t\t\t\t\t\t<img loading=\"lazy\" decoding=\"async\" width=\"2560\" height=\"1440\" src=\"https:\/\/movingcamera.de\/wp-content\/uploads\/2022\/01\/DSF3310_3-16-9-scaled.jpg\" class=\"attachment-full size-full wp-image-26487\" alt=\"DSF3310_3-16-9\" srcset=\"https:\/\/movingcamera.de\/wp-content\/uploads\/2022\/01\/DSF3310_3-16-9-scaled.jpg 2560w, https:\/\/movingcamera.de\/wp-content\/uploads\/2022\/01\/DSF3310_3-16-9-300x169.jpg 300w, https:\/\/movingcamera.de\/wp-content\/uploads\/2022\/01\/DSF3310_3-16-9-700x394.jpg 700w, https:\/\/movingcamera.de\/wp-content\/uploads\/2022\/01\/DSF3310_3-16-9-768x432.jpg 768w, https:\/\/movingcamera.de\/wp-content\/uploads\/2022\/01\/DSF3310_3-16-9-1536x864.jpg 1536w, https:\/\/movingcamera.de\/wp-content\/uploads\/2022\/01\/DSF3310_3-16-9-2048x1152.jpg 2048w, https:\/\/movingcamera.de\/wp-content\/uploads\/2022\/01\/DSF3310_3-16-9-440x248.jpg 440w\" sizes=\"(max-width: 2560px) 100vw, 2560px\" \/>\t\t\t\t\t\t\t\t\t\t\t\t\t\t\t<\/div>\n\t\t\t\t<\/div>\n\t\t\t\t\t<\/div>\n\t\t<\/div>\n\t\t\t\t\t\t\t<\/div>\n\t\t<\/section>\n\t\t\t\t<section class=\"elementor-section elementor-top-section elementor-element elementor-element-e88468e elementor-section-boxed elementor-section-height-default elementor-section-height-default\" data-id=\"e88468e\" data-element_type=\"section\">\n\t\t\t\t\t\t<div class=\"elementor-container elementor-column-gap-default\">\n\t\t\t\t\t<div class=\"elementor-column elementor-col-100 elementor-top-column elementor-element elementor-element-a238487\" data-id=\"a238487\" data-element_type=\"column\">\n\t\t\t<div class=\"elementor-widget-wrap elementor-element-populated\">\n\t\t\t\t\t\t\t\t<div class=\"elementor-element elementor-element-78e8024 elementor-widget elementor-widget-image\" data-id=\"78e8024\" data-element_type=\"widget\" data-widget_type=\"image.default\">\n\t\t\t\t<div class=\"elementor-widget-container\">\n\t\t\t\t\t\t\t\t\t\t\t\t\t\t\t<img loading=\"lazy\" decoding=\"async\" width=\"1958\" height=\"2560\" src=\"https:\/\/movingcamera.de\/wp-content\/uploads\/2022\/02\/DSF3307-10-b-s-scaled.jpg\" class=\"attachment-full size-full wp-image-26703\" alt=\"_DSF3307 10 b s\" srcset=\"https:\/\/movingcamera.de\/wp-content\/uploads\/2022\/02\/DSF3307-10-b-s-scaled.jpg 1958w, https:\/\/movingcamera.de\/wp-content\/uploads\/2022\/02\/DSF3307-10-b-s-229x300.jpg 229w, https:\/\/movingcamera.de\/wp-content\/uploads\/2022\/02\/DSF3307-10-b-s-700x915.jpg 700w, https:\/\/movingcamera.de\/wp-content\/uploads\/2022\/02\/DSF3307-10-b-s-768x1004.jpg 768w, https:\/\/movingcamera.de\/wp-content\/uploads\/2022\/02\/DSF3307-10-b-s-1175x1536.jpg 1175w, https:\/\/movingcamera.de\/wp-content\/uploads\/2022\/02\/DSF3307-10-b-s-1567x2048.jpg 1567w, https:\/\/movingcamera.de\/wp-content\/uploads\/2022\/02\/DSF3307-10-b-s-440x575.jpg 440w\" sizes=\"(max-width: 1958px) 100vw, 1958px\" \/>\t\t\t\t\t\t\t\t\t\t\t\t\t\t\t<\/div>\n\t\t\t\t<\/div>\n\t\t\t\t\t<\/div>\n\t\t<\/div>\n\t\t\t\t\t\t\t<\/div>\n\t\t<\/section>\n\t\t\t\t<section class=\"elementor-section elementor-top-section elementor-element elementor-element-0280b50 elementor-section-boxed elementor-section-height-default elementor-section-height-default\" data-id=\"0280b50\" data-element_type=\"section\">\n\t\t\t\t\t\t<div class=\"elementor-container elementor-column-gap-default\">\n\t\t\t\t\t<div class=\"elementor-column elementor-col-100 elementor-top-column elementor-element elementor-element-bccb118\" data-id=\"bccb118\" data-element_type=\"column\">\n\t\t\t<div class=\"elementor-widget-wrap elementor-element-populated\">\n\t\t\t\t\t\t\t\t<div class=\"elementor-element elementor-element-6b11be0 elementor-drop-cap-yes elementor-drop-cap-view-default elementor-widget elementor-widget-text-editor\" data-id=\"6b11be0\" data-element_type=\"widget\" data-settings=\"{&quot;drop_cap&quot;:&quot;yes&quot;}\" data-widget_type=\"text-editor.default\">\n\t\t\t\t<div class=\"elementor-widget-container\">\n\t\t\t\t\t\t\t<p>Time was in abundance. I had a whole week between Christmas and New Year to walk up and down the banks of the Reichstag in Berlin on that day in peace and quiet in search of suitable motifs. Even though I&#8217;ve photographed it a few times, weather and light conditions, as well as changing locations, always provide a new attraction for me, which sets the scene for this striking architecture along with the Spree.<\/p><p>On the right is the Marie-Elisabeth-Lueders-Haus, the third new parliament building on the Spree, on the left is the Paul-L\u00f6be-Haus, designed by the architect Stephan Braunfels.nfels.<\/p>\t\t\t\t\t\t<\/div>\n\t\t\t\t<\/div>\n\t\t\t\t\t<\/div>\n\t\t<\/div>\n\t\t\t\t\t\t\t<\/div>\n\t\t<\/section>\n\t\t\t\t<section class=\"elementor-section elementor-top-section elementor-element elementor-element-7c65ed8 elementor-section-boxed elementor-section-height-default elementor-section-height-default\" data-id=\"7c65ed8\" data-element_type=\"section\">\n\t\t\t\t\t\t<div class=\"elementor-container elementor-column-gap-default\">\n\t\t\t\t\t<div class=\"elementor-column elementor-col-100 elementor-top-column elementor-element elementor-element-b7ca3b4\" data-id=\"b7ca3b4\" data-element_type=\"column\">\n\t\t\t<div class=\"elementor-widget-wrap elementor-element-populated\">\n\t\t\t\t\t\t\t\t<div class=\"elementor-element elementor-element-9a6e275 elementor-widget elementor-widget-image\" data-id=\"9a6e275\" data-element_type=\"widget\" data-widget_type=\"image.default\">\n\t\t\t\t<div class=\"elementor-widget-container\">\n\t\t\t\t\t\t\t\t\t\t\t\t\t\t\t<img loading=\"lazy\" decoding=\"async\" width=\"1037\" height=\"778\" src=\"https:\/\/movingcamera.de\/wp-content\/uploads\/2022\/01\/DSF3280_4-s.jpg\" class=\"attachment-full size-full wp-image-26524\" alt=\"_DSF3280_4 s\" srcset=\"https:\/\/movingcamera.de\/wp-content\/uploads\/2022\/01\/DSF3280_4-s.jpg 1037w, https:\/\/movingcamera.de\/wp-content\/uploads\/2022\/01\/DSF3280_4-s-300x225.jpg 300w, https:\/\/movingcamera.de\/wp-content\/uploads\/2022\/01\/DSF3280_4-s-700x525.jpg 700w, https:\/\/movingcamera.de\/wp-content\/uploads\/2022\/01\/DSF3280_4-s-768x576.jpg 768w, https:\/\/movingcamera.de\/wp-content\/uploads\/2022\/01\/DSF3280_4-s-440x330.jpg 440w\" sizes=\"(max-width: 1037px) 100vw, 1037px\" \/>\t\t\t\t\t\t\t\t\t\t\t\t\t\t\t<\/div>\n\t\t\t\t<\/div>\n\t\t\t\t\t<\/div>\n\t\t<\/div>\n\t\t\t\t\t\t\t<\/div>\n\t\t<\/section>\n\t\t\t\t<section class=\"elementor-section elementor-top-section elementor-element elementor-element-771d22d elementor-section-boxed elementor-section-height-default elementor-section-height-default\" data-id=\"771d22d\" data-element_type=\"section\">\n\t\t\t\t\t\t<div class=\"elementor-container elementor-column-gap-default\">\n\t\t\t\t\t<div class=\"elementor-column elementor-col-100 elementor-top-column elementor-element elementor-element-4844914\" data-id=\"4844914\" data-element_type=\"column\">\n\t\t\t<div class=\"elementor-widget-wrap elementor-element-populated\">\n\t\t\t\t\t\t\t\t<div class=\"elementor-element elementor-element-46eb139 elementor-drop-cap-yes elementor-drop-cap-view-default elementor-widget elementor-widget-text-editor\" data-id=\"46eb139\" data-element_type=\"widget\" data-settings=\"{&quot;drop_cap&quot;:&quot;yes&quot;}\" data-widget_type=\"text-editor.default\">\n\t\t\t\t<div class=\"elementor-widget-container\">\n\t\t\t\t\t\t\t<p>My local view leads from the Marshal Bridge along the Spree. Historic, historical and modern sights can be found throughout the city. So also on this promenade. Here you can stroll along in the direction of the Reichstag, and jog if you like. On the right side, with a direct view of the distant Paul-L\u00f6be-Haus, you first walk past the library of the German Bundestag from the bridge.<\/p><p>For me, an eventful and great week with beautiful experiences and impressions came to an end. Of course, I am particularly pleased with the pictures I brought with me, which will remind me of this trip in the long term.nfels.nfels.<\/p>\t\t\t\t\t\t<\/div>\n\t\t\t\t<\/div>\n\t\t\t\t\t<\/div>\n\t\t<\/div>\n\t\t\t\t\t\t\t<\/div>\n\t\t<\/section>\n\t\t\t\t<section class=\"elementor-section elementor-top-section elementor-element elementor-element-f7b998e elementor-section-boxed elementor-section-height-default elementor-section-height-default\" data-id=\"f7b998e\" data-element_type=\"section\">\n\t\t\t\t\t\t<div class=\"elementor-container elementor-column-gap-default\">\n\t\t\t\t\t<div class=\"elementor-column elementor-col-100 elementor-top-column elementor-element elementor-element-cb4ad4f\" data-id=\"cb4ad4f\" data-element_type=\"column\">\n\t\t\t<div class=\"elementor-widget-wrap elementor-element-populated\">\n\t\t\t\t\t\t\t\t<div class=\"elementor-element elementor-element-af5789f elementor-widget elementor-widget-image\" data-id=\"af5789f\" data-element_type=\"widget\" data-widget_type=\"image.default\">\n\t\t\t\t<div class=\"elementor-widget-container\">\n\t\t\t\t\t\t\t\t\t\t\t\t\t\t\t<img loading=\"lazy\" decoding=\"async\" width=\"1920\" height=\"2560\" src=\"https:\/\/movingcamera.de\/wp-content\/uploads\/2022\/01\/DSF3338_1-s-scaled.jpg\" class=\"attachment-full size-full wp-image-26513\" alt=\"DSF3338_1-s\" srcset=\"https:\/\/movingcamera.de\/wp-content\/uploads\/2022\/01\/DSF3338_1-s-scaled.jpg 1920w, https:\/\/movingcamera.de\/wp-content\/uploads\/2022\/01\/DSF3338_1-s-225x300.jpg 225w, https:\/\/movingcamera.de\/wp-content\/uploads\/2022\/01\/DSF3338_1-s-700x933.jpg 700w, https:\/\/movingcamera.de\/wp-content\/uploads\/2022\/01\/DSF3338_1-s-768x1024.jpg 768w, https:\/\/movingcamera.de\/wp-content\/uploads\/2022\/01\/DSF3338_1-s-1152x1536.jpg 1152w, https:\/\/movingcamera.de\/wp-content\/uploads\/2022\/01\/DSF3338_1-s-1536x2048.jpg 1536w, https:\/\/movingcamera.de\/wp-content\/uploads\/2022\/01\/DSF3338_1-s-440x587.jpg 440w\" sizes=\"(max-width: 1920px) 100vw, 1920px\" \/>\t\t\t\t\t\t\t\t\t\t\t\t\t\t\t<\/div>\n\t\t\t\t<\/div>\n\t\t\t\t\t<\/div>\n\t\t<\/div>\n\t\t\t\t\t\t\t<\/div>\n\t\t<\/section>\n\t\t\t\t<section class=\"elementor-section elementor-top-section elementor-element elementor-element-aff7053 elementor-section-boxed elementor-section-height-default elementor-section-height-default\" data-id=\"aff7053\" data-element_type=\"section\">\n\t\t\t\t\t\t<div class=\"elementor-container elementor-column-gap-default\">\n\t\t\t\t\t<div class=\"elementor-column elementor-col-100 elementor-top-column elementor-element elementor-element-b45a236\" data-id=\"b45a236\" data-element_type=\"column\">\n\t\t\t<div class=\"elementor-widget-wrap elementor-element-populated\">\n\t\t\t\t\t\t\t\t<div class=\"elementor-element elementor-element-d60b942 elementor-drop-cap-yes elementor-drop-cap-view-default elementor-widget elementor-widget-text-editor\" data-id=\"d60b942\" data-element_type=\"widget\" data-settings=\"{&quot;drop_cap&quot;:&quot;yes&quot;}\" data-widget_type=\"text-editor.default\">\n\t\t\t\t<div class=\"elementor-widget-container\">\n\t\t\t\t\t\t\t<p>One of my photo destinations was the neo-baroque Bode Museum in the Mitte district, which belongs to the building ensemble of the Museum Island and is a UNESCO World Heritage Site.<\/p><p>The location was found. Once the tripod and camera were aligned, all I had to do was wait for the moment of the blue hour and the onset of lighting that illuminated the museum. If everything is prepared accordingly, I enjoy the time on site to take a detailed look around. Wonderful how the daylight says goodbye and the increasing darkness increases. The blue hour was already setting in, the lighting of the museum was still a long time coming. An exciting moment that sets in. Then the time has come, the lighting comes on. Now the moment decides when the camera is triggered. A sample photo tells me whether it fits or whether I should just wait a little longer. I ended up taking seven shots, some of them monochromatic.<\/p><p>Another photographically filled day with beautiful impressions and experiences came to an end. Now it was time to pack up the camera, meet friends later and end the evening appropriately before starting a new one the next day.<\/p>\t\t\t\t\t\t<\/div>\n\t\t\t\t<\/div>\n\t\t\t\t\t<\/div>\n\t\t<\/div>\n\t\t\t\t\t\t\t<\/div>\n\t\t<\/section>\n\t\t\t\t<section class=\"elementor-section elementor-top-section elementor-element elementor-element-7ca28bb elementor-section-boxed elementor-section-height-default elementor-section-height-default\" data-id=\"7ca28bb\" data-element_type=\"section\">\n\t\t\t\t\t\t<div class=\"elementor-container elementor-column-gap-default\">\n\t\t\t\t\t<div class=\"elementor-column elementor-col-100 elementor-top-column elementor-element elementor-element-da38b4e\" data-id=\"da38b4e\" data-element_type=\"column\">\n\t\t\t<div class=\"elementor-widget-wrap elementor-element-populated\">\n\t\t\t\t\t\t\t\t<div class=\"elementor-element elementor-element-c31d1c7 elementor-widget elementor-widget-image\" data-id=\"c31d1c7\" data-element_type=\"widget\" data-widget_type=\"image.default\">\n\t\t\t\t<div class=\"elementor-widget-container\">\n\t\t\t\t\t\t\t\t\t\t\t\t\t\t\t<img loading=\"lazy\" decoding=\"async\" width=\"2560\" height=\"2560\" src=\"https:\/\/movingcamera.de\/wp-content\/uploads\/2022\/01\/DSF3331_5-2-frame-scaled.jpg\" class=\"attachment-full size-full wp-image-26488\" alt=\"\" srcset=\"https:\/\/movingcamera.de\/wp-content\/uploads\/2022\/01\/DSF3331_5-2-frame-scaled.jpg 2560w, https:\/\/movingcamera.de\/wp-content\/uploads\/2022\/01\/DSF3331_5-2-frame-300x300.jpg 300w, https:\/\/movingcamera.de\/wp-content\/uploads\/2022\/01\/DSF3331_5-2-frame-700x700.jpg 700w, https:\/\/movingcamera.de\/wp-content\/uploads\/2022\/01\/DSF3331_5-2-frame-150x150.jpg 150w, https:\/\/movingcamera.de\/wp-content\/uploads\/2022\/01\/DSF3331_5-2-frame-768x768.jpg 768w, https:\/\/movingcamera.de\/wp-content\/uploads\/2022\/01\/DSF3331_5-2-frame-1536x1536.jpg 1536w, https:\/\/movingcamera.de\/wp-content\/uploads\/2022\/01\/DSF3331_5-2-frame-2048x2048.jpg 2048w, https:\/\/movingcamera.de\/wp-content\/uploads\/2022\/01\/DSF3331_5-2-frame-440x440.jpg 440w, https:\/\/movingcamera.de\/wp-content\/uploads\/2022\/01\/DSF3331_5-2-frame-610x610.jpg 610w, https:\/\/movingcamera.de\/wp-content\/uploads\/2022\/01\/DSF3331_5-2-frame-144x144.jpg 144w\" sizes=\"(max-width: 2560px) 100vw, 2560px\" \/>\t\t\t\t\t\t\t\t\t\t\t\t\t\t\t<\/div>\n\t\t\t\t<\/div>\n\t\t\t\t\t<\/div>\n\t\t<\/div>\n\t\t\t\t\t\t\t<\/div>\n\t\t<\/section>\n\t\t\t\t<section class=\"elementor-section elementor-top-section elementor-element elementor-element-6284970 elementor-section-boxed elementor-section-height-default elementor-section-height-default\" data-id=\"6284970\" data-element_type=\"section\">\n\t\t\t\t\t\t<div class=\"elementor-container elementor-column-gap-default\">\n\t\t\t\t\t<div class=\"elementor-column elementor-col-100 elementor-top-column elementor-element elementor-element-012a4f4\" data-id=\"012a4f4\" data-element_type=\"column\">\n\t\t\t<div class=\"elementor-widget-wrap elementor-element-populated\">\n\t\t\t\t\t\t\t\t<div class=\"elementor-element elementor-element-4541d84 elementor-drop-cap-yes elementor-drop-cap-view-default elementor-widget elementor-widget-text-editor\" data-id=\"4541d84\" data-element_type=\"widget\" data-settings=\"{&quot;drop_cap&quot;:&quot;yes&quot;}\" data-widget_type=\"text-editor.default\">\n\t\t\t\t<div class=\"elementor-widget-container\">\n\t\t\t\t\t\t\t<p>Especially when there is a lot of time, you can look out for a suitable location with peace of mind. Once this has been found, the question arises as to the composition of the image, which I always find very exciting. A nice challenge, which is also required by the choice of focal length and format.<\/p><p>Again, the focus was on the Bode Museum as the central object, but the Monbijour Bridge was also included in the foreground. The riparian zone including railings as corner runners and the bare, leafless tree as a further design element. The adjoining architecture runs to the right of the picture. On the left, walking the way into the picture, you can still see something of the Berlin TV tower on Alexanderplatz.<\/p><p>By using ND filters (1.8 + 3.0) I achieved my desired long exposure to make the water surface of the Spree correspondingly structureless. An additional polarizing filter reduced existing reflections. I deliberately chose a monochrome picture here to emphasize this historical architecture, appropriate to the season.<\/p>\t\t\t\t\t\t<\/div>\n\t\t\t\t<\/div>\n\t\t\t\t\t<\/div>\n\t\t<\/div>\n\t\t\t\t\t\t\t<\/div>\n\t\t<\/section>\n\t\t\t\t<section class=\"elementor-section elementor-top-section elementor-element elementor-element-b3e5072 elementor-section-boxed elementor-section-height-default elementor-section-height-default\" data-id=\"b3e5072\" data-element_type=\"section\">\n\t\t\t\t\t\t<div class=\"elementor-container elementor-column-gap-default\">\n\t\t\t\t\t<div class=\"elementor-column elementor-col-100 elementor-top-column elementor-element elementor-element-c461e86\" data-id=\"c461e86\" data-element_type=\"column\">\n\t\t\t<div class=\"elementor-widget-wrap elementor-element-populated\">\n\t\t\t\t\t\t\t\t<div class=\"elementor-element elementor-element-2951b1c elementor-widget elementor-widget-image\" data-id=\"2951b1c\" data-element_type=\"widget\" data-widget_type=\"image.default\">\n\t\t\t\t<div class=\"elementor-widget-container\">\n\t\t\t\t\t\t\t\t\t\t\t\t\t\t\t<img loading=\"lazy\" decoding=\"async\" width=\"1482\" height=\"833\" src=\"https:\/\/movingcamera.de\/wp-content\/uploads\/2022\/01\/DSF3393_3-s-16-9.jpg\" class=\"attachment-full size-full wp-image-26526\" alt=\"_DSF3393_3 s 16-9\" srcset=\"https:\/\/movingcamera.de\/wp-content\/uploads\/2022\/01\/DSF3393_3-s-16-9.jpg 1482w, https:\/\/movingcamera.de\/wp-content\/uploads\/2022\/01\/DSF3393_3-s-16-9-300x169.jpg 300w, https:\/\/movingcamera.de\/wp-content\/uploads\/2022\/01\/DSF3393_3-s-16-9-700x393.jpg 700w, https:\/\/movingcamera.de\/wp-content\/uploads\/2022\/01\/DSF3393_3-s-16-9-768x432.jpg 768w, https:\/\/movingcamera.de\/wp-content\/uploads\/2022\/01\/DSF3393_3-s-16-9-440x247.jpg 440w\" sizes=\"(max-width: 1482px) 100vw, 1482px\" \/>\t\t\t\t\t\t\t\t\t\t\t\t\t\t\t<\/div>\n\t\t\t\t<\/div>\n\t\t\t\t\t<\/div>\n\t\t<\/div>\n\t\t\t\t\t\t\t<\/div>\n\t\t<\/section>\n\t\t\t\t<section class=\"elementor-section elementor-top-section elementor-element elementor-element-d16dede elementor-section-boxed elementor-section-height-default elementor-section-height-default\" data-id=\"d16dede\" data-element_type=\"section\">\n\t\t\t\t\t\t<div class=\"elementor-container elementor-column-gap-default\">\n\t\t\t\t\t<div class=\"elementor-column elementor-col-100 elementor-top-column elementor-element elementor-element-a27daeb\" data-id=\"a27daeb\" data-element_type=\"column\">\n\t\t\t<div class=\"elementor-widget-wrap elementor-element-populated\">\n\t\t\t\t\t\t\t\t<div class=\"elementor-element elementor-element-08698f4 elementor-drop-cap-yes elementor-drop-cap-view-default elementor-widget elementor-widget-text-editor\" data-id=\"08698f4\" data-element_type=\"widget\" data-settings=\"{&quot;drop_cap&quot;:&quot;yes&quot;}\" data-widget_type=\"text-editor.default\">\n\t\t\t\t<div class=\"elementor-widget-container\">\n\t\t\t\t\t\t\t<p>On another day I drove to the Oberbaum Bridge again. Days beforehand, the Spree had mostly frozen over due to the lower temperatures. On this day, however, it was a mild 11 degrees and the sky looked cloudy. It looked more like light rain. But there was absolutely no wind, predestined for a dreamlike reflection.<\/p><p>Always fascinating, the fantastic view of the city and the river from every side around the bridge. It is worth exploring the whole area on foot. If you are traveling here, you should take your time. There is too much that is attractive to discover.<\/p><p>The Oberbaum Bridge is considered a landmark of the trendy Friedrichshain-Kreuzberg district and inspires with its historical and monumental presence. From my point of view there is a beautiful view that puts the bridge in the spotlight. In addition, there is a parade of old and partly newer buildings running along the left bank, which with their varied architecture really appealing and harmoniously fit into the overall picture.<\/p>\t\t\t\t\t\t<\/div>\n\t\t\t\t<\/div>\n\t\t\t\t\t<\/div>\n\t\t<\/div>\n\t\t\t\t\t\t\t<\/div>\n\t\t<\/section>\n\t\t\t\t<section class=\"elementor-section elementor-top-section elementor-element elementor-element-f5f211e elementor-section-boxed elementor-section-height-default elementor-section-height-default\" data-id=\"f5f211e\" data-element_type=\"section\">\n\t\t\t\t\t\t<div class=\"elementor-container elementor-column-gap-default\">\n\t\t\t\t\t<div class=\"elementor-column elementor-col-100 elementor-top-column elementor-element elementor-element-14a0dfd\" data-id=\"14a0dfd\" data-element_type=\"column\">\n\t\t\t<div class=\"elementor-widget-wrap elementor-element-populated\">\n\t\t\t\t\t\t\t\t<div class=\"elementor-element elementor-element-35997e4 elementor-widget elementor-widget-image\" data-id=\"35997e4\" data-element_type=\"widget\" data-widget_type=\"image.default\">\n\t\t\t\t<div class=\"elementor-widget-container\">\n\t\t\t\t\t\t\t\t\t\t\t\t\t\t\t<img loading=\"lazy\" decoding=\"async\" width=\"2560\" height=\"1440\" src=\"https:\/\/movingcamera.de\/wp-content\/uploads\/2022\/01\/DSF3395_1-3-b-16-9-scaled.jpg\" class=\"attachment-full size-full wp-image-26497\" alt=\"DSF3395_1-3-b-16-9\" srcset=\"https:\/\/movingcamera.de\/wp-content\/uploads\/2022\/01\/DSF3395_1-3-b-16-9-scaled.jpg 2560w, https:\/\/movingcamera.de\/wp-content\/uploads\/2022\/01\/DSF3395_1-3-b-16-9-300x169.jpg 300w, https:\/\/movingcamera.de\/wp-content\/uploads\/2022\/01\/DSF3395_1-3-b-16-9-700x394.jpg 700w, https:\/\/movingcamera.de\/wp-content\/uploads\/2022\/01\/DSF3395_1-3-b-16-9-768x432.jpg 768w, https:\/\/movingcamera.de\/wp-content\/uploads\/2022\/01\/DSF3395_1-3-b-16-9-1536x864.jpg 1536w, https:\/\/movingcamera.de\/wp-content\/uploads\/2022\/01\/DSF3395_1-3-b-16-9-2048x1152.jpg 2048w, https:\/\/movingcamera.de\/wp-content\/uploads\/2022\/01\/DSF3395_1-3-b-16-9-440x248.jpg 440w\" sizes=\"(max-width: 2560px) 100vw, 2560px\" \/>\t\t\t\t\t\t\t\t\t\t\t\t\t\t\t<\/div>\n\t\t\t\t<\/div>\n\t\t\t\t\t<\/div>\n\t\t<\/div>\n\t\t\t\t\t\t\t<\/div>\n\t\t<\/section>\n\t\t\t\t<section class=\"elementor-section elementor-top-section elementor-element elementor-element-54e456c elementor-section-boxed elementor-section-height-default elementor-section-height-default\" data-id=\"54e456c\" data-element_type=\"section\">\n\t\t\t\t\t\t<div class=\"elementor-container elementor-column-gap-default\">\n\t\t\t\t\t<div class=\"elementor-column elementor-col-100 elementor-top-column elementor-element elementor-element-bef941b\" data-id=\"bef941b\" data-element_type=\"column\">\n\t\t\t<div class=\"elementor-widget-wrap elementor-element-populated\">\n\t\t\t\t\t\t\t\t<div class=\"elementor-element elementor-element-8989035 elementor-drop-cap-yes elementor-drop-cap-view-default elementor-widget elementor-widget-text-editor\" data-id=\"8989035\" data-element_type=\"widget\" data-settings=\"{&quot;drop_cap&quot;:&quot;yes&quot;}\" data-widget_type=\"text-editor.default\">\n\t\t\t\t<div class=\"elementor-widget-container\">\n\t\t\t\t\t\t\t<p>The evening before I planned my photo tour for the next day. I only needed to place the shortlisted motifs on the city map in order to visit them one after the other. At the same time, I looked for the U-Bahn, S-Bahn and bus connections. For that day, my intended photo destinations were the Oberbaumbr\u00fccke and the Minna-Todenbr\u00fccke, a 1246.70m long steel composite bridge in the Berlin district of Treptow-K\u00f6penick, which crosses the Spree above the Britzer connecting canal.<\/p><p>Right after breakfast I left and took the subway to Warschauer Strasse, where my picture &#8222;Oberbaumbr\u00fccke, a landmark of Berlin&#8220; was created. Then I took the S-Bahn directly from there and finally the bus again to get to my other photo destination, the Minna-Todenhageb Bridge. The sky was already getting darker, there was fog in the air and it seemed increasingly hazy. In between it started to dribble slightly, but then stopped again quickly. For me a sign to hurry up a bit. Who knew what might be about to happen. Arrived at my photo spot, I walked under the bridge and immediately set up the tripod and camera. In order to get the water surface of the Spree smooth, as a nice contrast to the rough steel construction of the bridge, I also used ND filters. For such a long exposure, two ND filters (1.8 + 3.0) were required.<\/p><p>First I photographed in landscape format with a focal length of 23mm (MF), which I really liked. Then I decided on a picture in portrait format. In order to achieve a different image effect and detail, I chose a 110mm (MF) focal length. That&#8217;s how this picture came about. All in all, it was a successful and exciting day for me, as it took me to both familiar and unknown sights worth seeing.<\/p>\t\t\t\t\t\t<\/div>\n\t\t\t\t<\/div>\n\t\t\t\t\t<\/div>\n\t\t<\/div>\n\t\t\t\t\t\t\t<\/div>\n\t\t<\/section>\n\t\t\t\t<section class=\"elementor-section elementor-top-section elementor-element elementor-element-934b939 elementor-section-boxed elementor-section-height-default elementor-section-height-default\" data-id=\"934b939\" data-element_type=\"section\">\n\t\t\t\t\t\t<div class=\"elementor-container elementor-column-gap-default\">\n\t\t\t\t\t<div class=\"elementor-column elementor-col-100 elementor-top-column elementor-element elementor-element-e9d8fbe\" data-id=\"e9d8fbe\" data-element_type=\"column\">\n\t\t\t<div class=\"elementor-widget-wrap elementor-element-populated\">\n\t\t\t\t\t\t\t\t<div class=\"elementor-element elementor-element-f0e3251 elementor-widget elementor-widget-image\" data-id=\"f0e3251\" data-element_type=\"widget\" data-widget_type=\"image.default\">\n\t\t\t\t<div class=\"elementor-widget-container\">\n\t\t\t\t\t\t\t\t\t\t\t\t\t\t\t<img loading=\"lazy\" decoding=\"async\" width=\"1947\" height=\"2560\" src=\"https:\/\/movingcamera.de\/wp-content\/uploads\/2022\/01\/DSF3399_1-Kopie-scaled.jpg\" class=\"attachment-full size-full wp-image-26498\" alt=\"\" srcset=\"https:\/\/movingcamera.de\/wp-content\/uploads\/2022\/01\/DSF3399_1-Kopie-scaled.jpg 1947w, https:\/\/movingcamera.de\/wp-content\/uploads\/2022\/01\/DSF3399_1-Kopie-228x300.jpg 228w, https:\/\/movingcamera.de\/wp-content\/uploads\/2022\/01\/DSF3399_1-Kopie-700x920.jpg 700w, https:\/\/movingcamera.de\/wp-content\/uploads\/2022\/01\/DSF3399_1-Kopie-768x1010.jpg 768w, https:\/\/movingcamera.de\/wp-content\/uploads\/2022\/01\/DSF3399_1-Kopie-1168x1536.jpg 1168w, https:\/\/movingcamera.de\/wp-content\/uploads\/2022\/01\/DSF3399_1-Kopie-1557x2048.jpg 1557w, https:\/\/movingcamera.de\/wp-content\/uploads\/2022\/01\/DSF3399_1-Kopie-440x579.jpg 440w\" sizes=\"(max-width: 1947px) 100vw, 1947px\" \/>\t\t\t\t\t\t\t\t\t\t\t\t\t\t\t<\/div>\n\t\t\t\t<\/div>\n\t\t\t\t\t<\/div>\n\t\t<\/div>\n\t\t\t\t\t\t\t<\/div>\n\t\t<\/section>\n\t\t\t\t<section class=\"elementor-section elementor-top-section elementor-element elementor-element-93f7dfe elementor-section-boxed elementor-section-height-default elementor-section-height-default\" data-id=\"93f7dfe\" data-element_type=\"section\">\n\t\t\t\t\t\t<div class=\"elementor-container elementor-column-gap-default\">\n\t\t\t\t\t<div class=\"elementor-column elementor-col-100 elementor-top-column elementor-element elementor-element-29100e9\" data-id=\"29100e9\" data-element_type=\"column\">\n\t\t\t<div class=\"elementor-widget-wrap elementor-element-populated\">\n\t\t\t\t\t\t\t\t<div class=\"elementor-element elementor-element-9c4f938 elementor-widget elementor-widget-image\" data-id=\"9c4f938\" data-element_type=\"widget\" data-widget_type=\"image.default\">\n\t\t\t\t<div class=\"elementor-widget-container\">\n\t\t\t\t\t\t\t\t\t\t\t\t\t\t\t<img loading=\"lazy\" decoding=\"async\" width=\"1893\" height=\"2560\" src=\"https:\/\/movingcamera.de\/wp-content\/uploads\/2022\/01\/DSF3266-s-scaled.jpg\" class=\"attachment-full size-full wp-image-26648\" alt=\"_DSF3266-s\" srcset=\"https:\/\/movingcamera.de\/wp-content\/uploads\/2022\/01\/DSF3266-s-scaled.jpg 1893w, https:\/\/movingcamera.de\/wp-content\/uploads\/2022\/01\/DSF3266-s-222x300.jpg 222w, https:\/\/movingcamera.de\/wp-content\/uploads\/2022\/01\/DSF3266-s-700x947.jpg 700w, https:\/\/movingcamera.de\/wp-content\/uploads\/2022\/01\/DSF3266-s-768x1039.jpg 768w, https:\/\/movingcamera.de\/wp-content\/uploads\/2022\/01\/DSF3266-s-1136x1536.jpg 1136w, https:\/\/movingcamera.de\/wp-content\/uploads\/2022\/01\/DSF3266-s-1514x2048.jpg 1514w, https:\/\/movingcamera.de\/wp-content\/uploads\/2022\/01\/DSF3266-s-440x595.jpg 440w\" sizes=\"(max-width: 1893px) 100vw, 1893px\" \/>\t\t\t\t\t\t\t\t\t\t\t\t\t\t\t<\/div>\n\t\t\t\t<\/div>\n\t\t\t\t\t<\/div>\n\t\t<\/div>\n\t\t\t\t\t\t\t<\/div>\n\t\t<\/section>\n\t\t\t\t<section class=\"elementor-section elementor-top-section elementor-element elementor-element-9747d4f elementor-section-boxed elementor-section-height-default elementor-section-height-default\" data-id=\"9747d4f\" data-element_type=\"section\">\n\t\t\t\t\t\t<div class=\"elementor-container elementor-column-gap-default\">\n\t\t\t\t\t<div class=\"elementor-column elementor-col-100 elementor-top-column elementor-element elementor-element-f976cfe\" data-id=\"f976cfe\" data-element_type=\"column\">\n\t\t\t<div class=\"elementor-widget-wrap elementor-element-populated\">\n\t\t\t\t\t\t\t\t<div class=\"elementor-element elementor-element-b3476b5 elementor-drop-cap-yes elementor-drop-cap-view-default elementor-widget elementor-widget-text-editor\" data-id=\"b3476b5\" data-element_type=\"widget\" data-settings=\"{&quot;drop_cap&quot;:&quot;yes&quot;}\" data-widget_type=\"text-editor.default\">\n\t\t\t\t<div class=\"elementor-widget-container\">\n\t\t\t\t\t\t\t<p>On the way on the Spreeinsel in the historic center of Berlin, district Mitte in the district of the same name. From my location on Schlossplatz, the view leads inevitably to the 368 m high Berlin TV tower, which opened in 1969. There is a viewing platform at 203 m, above which is a revolving restaurant at 207 m.<\/p><p>On the left you can catch a glimpse of the baroque south facade of the Berlin Palace. The sponsor is the Humboldt Forum Foundation. The building was constructed between 2012 and 2020 on the site of the historic Berlin Palace and features its reconstructed facades on three exterior sides and in its inner courtyards. With display collections from the Berlin State Museums, the Berlin City Museum and the Humboldt University in Berlin, it expands what the Museum Island has to offer.<\/p><p>Opposite, on the right side, the first building is the European School of Management and Technology Berlin, a private business school based in Berlin that is equivalent to a university. Continuing down the street, you will find the Hanns Eisler Berlin State Academy of Music, which was founded in 1950 and is one of the leading music academies in Europe. Further on you reach the Rathausbr\u00fccke, where the Rathausstra\u00dfe begins. After a few minutes&#8216; walk you reach the Red Town Hall, seat of the incumbent governing mayor Franziska Giffey, the Senate Chancellery and meeting place of the Senate of Berlin. Part of the tower of the Red Town Hall can still be seen in the picture.<\/p>\t\t\t\t\t\t<\/div>\n\t\t\t\t<\/div>\n\t\t\t\t\t<\/div>\n\t\t<\/div>\n\t\t\t\t\t\t\t<\/div>\n\t\t<\/section>\n\t\t\t\t<section class=\"elementor-section elementor-top-section elementor-element elementor-element-8ad115b elementor-section-boxed elementor-section-height-default elementor-section-height-default\" data-id=\"8ad115b\" data-element_type=\"section\">\n\t\t\t\t\t\t<div class=\"elementor-container elementor-column-gap-default\">\n\t\t\t\t\t<div class=\"elementor-column elementor-col-100 elementor-top-column elementor-element elementor-element-17d03c5\" data-id=\"17d03c5\" data-element_type=\"column\">\n\t\t\t<div class=\"elementor-widget-wrap elementor-element-populated\">\n\t\t\t\t\t\t\t\t<div class=\"elementor-element elementor-element-81a86a6 elementor-widget elementor-widget-image\" data-id=\"81a86a6\" data-element_type=\"widget\" data-widget_type=\"image.default\">\n\t\t\t\t<div class=\"elementor-widget-container\">\n\t\t\t\t\t\t\t\t\t\t\t\t\t\t\t<img loading=\"lazy\" decoding=\"async\" width=\"2560\" height=\"1447\" src=\"https:\/\/movingcamera.de\/wp-content\/uploads\/2022\/01\/DSF3401_6-16-9-s-scaled.jpg\" class=\"attachment-full size-full wp-image-26656\" alt=\"\" srcset=\"https:\/\/movingcamera.de\/wp-content\/uploads\/2022\/01\/DSF3401_6-16-9-s-scaled.jpg 2560w, https:\/\/movingcamera.de\/wp-content\/uploads\/2022\/01\/DSF3401_6-16-9-s-300x170.jpg 300w, https:\/\/movingcamera.de\/wp-content\/uploads\/2022\/01\/DSF3401_6-16-9-s-700x396.jpg 700w, https:\/\/movingcamera.de\/wp-content\/uploads\/2022\/01\/DSF3401_6-16-9-s-768x434.jpg 768w, https:\/\/movingcamera.de\/wp-content\/uploads\/2022\/01\/DSF3401_6-16-9-s-1536x868.jpg 1536w, https:\/\/movingcamera.de\/wp-content\/uploads\/2022\/01\/DSF3401_6-16-9-s-2048x1157.jpg 2048w, https:\/\/movingcamera.de\/wp-content\/uploads\/2022\/01\/DSF3401_6-16-9-s-440x249.jpg 440w\" sizes=\"(max-width: 2560px) 100vw, 2560px\" \/>\t\t\t\t\t\t\t\t\t\t\t\t\t\t\t<\/div>\n\t\t\t\t<\/div>\n\t\t\t\t\t<\/div>\n\t\t<\/div>\n\t\t\t\t\t\t\t<\/div>\n\t\t<\/section>\n\t\t\t\t<section class=\"elementor-section elementor-top-section elementor-element elementor-element-cbe245d elementor-section-boxed elementor-section-height-default elementor-section-height-default\" data-id=\"cbe245d\" data-element_type=\"section\">\n\t\t\t\t\t\t<div class=\"elementor-container elementor-column-gap-default\">\n\t\t\t\t\t<div class=\"elementor-column elementor-col-100 elementor-top-column elementor-element elementor-element-ef87db4\" data-id=\"ef87db4\" data-element_type=\"column\">\n\t\t\t<div class=\"elementor-widget-wrap elementor-element-populated\">\n\t\t\t\t\t\t\t\t<div class=\"elementor-element elementor-element-576f8f9 elementor-drop-cap-yes elementor-drop-cap-view-default elementor-widget elementor-widget-text-editor\" data-id=\"576f8f9\" data-element_type=\"widget\" data-settings=\"{&quot;drop_cap&quot;:&quot;yes&quot;}\" data-widget_type=\"text-editor.default\">\n\t\t\t\t<div class=\"elementor-widget-container\">\n\t\t\t\t\t\t\t<p>In the morning we first went to the Oberbaum Bridge, which connects the districts of Kreuzberg and Friedrichshain. From there to the Minna-Todenhagen Bridge in the Treptow-K\u00f6penick district and finally seen here, also to the Berlin Central Station, in the Mitte district, Moabit district, to get a photographic view of the opposite Central Station under the Gustav-Heinemann Bridge lay.<\/p><p>Immediately to the right of the main station is the Hugo-Preuss Bridge, at the entrance to the Berlin-Spandau shipping canal. It runs seamlessly across, along the Spree, into the Kapelle Ufer. An ideal view to photograph the course of the promenade from this bridge. There was also a portion of &#8222;photographer&#8217;s luck&#8220;, the twilight hour was certain for me.<\/p>\t\t\t\t\t\t<\/div>\n\t\t\t\t<\/div>\n\t\t\t\t\t<\/div>\n\t\t<\/div>\n\t\t\t\t\t\t\t<\/div>\n\t\t<\/section>\n\t\t\t\t<section class=\"elementor-section elementor-top-section elementor-element elementor-element-e0cd338 elementor-section-boxed elementor-section-height-default elementor-section-height-default\" data-id=\"e0cd338\" data-element_type=\"section\">\n\t\t\t\t\t\t<div class=\"elementor-container elementor-column-gap-default\">\n\t\t\t\t\t<div class=\"elementor-column elementor-col-100 elementor-top-column elementor-element elementor-element-d55a88c\" data-id=\"d55a88c\" data-element_type=\"column\">\n\t\t\t<div class=\"elementor-widget-wrap elementor-element-populated\">\n\t\t\t\t\t\t\t\t<div class=\"elementor-element elementor-element-8fcd495 elementor-widget elementor-widget-image\" data-id=\"8fcd495\" data-element_type=\"widget\" data-widget_type=\"image.default\">\n\t\t\t\t<div class=\"elementor-widget-container\">\n\t\t\t\t\t\t\t\t\t\t\t\t\t\t\t<img loading=\"lazy\" decoding=\"async\" width=\"1920\" height=\"2560\" src=\"https:\/\/movingcamera.de\/wp-content\/uploads\/2022\/01\/DSF3405-4-bs-scaled.jpg\" class=\"attachment-full size-full wp-image-26651\" alt=\"_DSF3405-4 bs\" srcset=\"https:\/\/movingcamera.de\/wp-content\/uploads\/2022\/01\/DSF3405-4-bs-scaled.jpg 1920w, https:\/\/movingcamera.de\/wp-content\/uploads\/2022\/01\/DSF3405-4-bs-225x300.jpg 225w, https:\/\/movingcamera.de\/wp-content\/uploads\/2022\/01\/DSF3405-4-bs-700x933.jpg 700w, https:\/\/movingcamera.de\/wp-content\/uploads\/2022\/01\/DSF3405-4-bs-768x1024.jpg 768w, https:\/\/movingcamera.de\/wp-content\/uploads\/2022\/01\/DSF3405-4-bs-1152x1536.jpg 1152w, https:\/\/movingcamera.de\/wp-content\/uploads\/2022\/01\/DSF3405-4-bs-1536x2048.jpg 1536w, https:\/\/movingcamera.de\/wp-content\/uploads\/2022\/01\/DSF3405-4-bs-440x587.jpg 440w\" sizes=\"(max-width: 1920px) 100vw, 1920px\" \/>\t\t\t\t\t\t\t\t\t\t\t\t\t\t\t<\/div>\n\t\t\t\t<\/div>\n\t\t\t\t\t<\/div>\n\t\t<\/div>\n\t\t\t\t\t\t\t<\/div>\n\t\t<\/section>\n\t\t\t\t<section class=\"elementor-section elementor-top-section elementor-element elementor-element-cf85f16 elementor-section-boxed elementor-section-height-default elementor-section-height-default\" data-id=\"cf85f16\" data-element_type=\"section\">\n\t\t\t\t\t\t<div class=\"elementor-container elementor-column-gap-default\">\n\t\t\t\t\t<div class=\"elementor-column elementor-col-100 elementor-top-column elementor-element elementor-element-7b1b7a7\" data-id=\"7b1b7a7\" data-element_type=\"column\">\n\t\t\t<div class=\"elementor-widget-wrap elementor-element-populated\">\n\t\t\t\t\t\t\t\t<div class=\"elementor-element elementor-element-0afd464 elementor-drop-cap-yes elementor-drop-cap-view-default elementor-widget elementor-widget-text-editor\" data-id=\"0afd464\" data-element_type=\"widget\" data-settings=\"{&quot;drop_cap&quot;:&quot;yes&quot;}\" data-widget_type=\"text-editor.default\">\n\t\t\t\t<div class=\"elementor-widget-container\">\n\t\t\t\t\t\t\t<p>A wonderful and impulsive journey came to an end. Not only that I was able to see my friends there again after a long Corona abstinence, but also that I was able to organize my time photographically, regardless of the weather. The joy of finally traveling again, getting to known and unknown places in order to capture sights with the camera, remains an unforgettable experience for me.<\/p>\t\t\t\t\t\t<\/div>\n\t\t\t\t<\/div>\n\t\t\t\t\t<\/div>\n\t\t<\/div>\n\t\t\t\t\t\t\t<\/div>\n\t\t<\/section>\n\t\t\t\t\t\t\t<\/div>\n\t\t","protected":false},"excerpt":{"rendered":"<p>MovingCamera Photography &#038; Travel \/\/\/ Photo trip Berlin\u00a0 Finally back in Berlin. After a really long time it was a great feeling to stay in the capital. Since I used to live in Berlin for years, every visit here means [&hellip;]<\/p>\n","protected":false},"author":2,"featured_media":0,"parent":0,"menu_order":0,"comment_status":"closed","ping_status":"closed","template":"","meta":{"footnotes":""},"_links":{"self":[{"href":"https:\/\/movingcamera.de\/index.php?rest_route=\/wp\/v2\/pages\/28320"}],"collection":[{"href":"https:\/\/movingcamera.de\/index.php?rest_route=\/wp\/v2\/pages"}],"about":[{"href":"https:\/\/movingcamera.de\/index.php?rest_route=\/wp\/v2\/types\/page"}],"author":[{"embeddable":true,"href":"https:\/\/movingcamera.de\/index.php?rest_route=\/wp\/v2\/users\/2"}],"replies":[{"embeddable":true,"href":"https:\/\/movingcamera.de\/index.php?rest_route=%2Fwp%2Fv2%2Fcomments&post=28320"}],"version-history":[{"count":20,"href":"https:\/\/movingcamera.de\/index.php?rest_route=\/wp\/v2\/pages\/28320\/revisions"}],"predecessor-version":[{"id":30155,"href":"https:\/\/movingcamera.de\/index.php?rest_route=\/wp\/v2\/pages\/28320\/revisions\/30155"}],"wp:attachment":[{"href":"https:\/\/movingcamera.de\/index.php?rest_route=%2Fwp%2Fv2%2Fmedia&parent=28320"}],"curies":[{"name":"wp","href":"https:\/\/api.w.org\/{rel}","templated":true}]}}