{"id":26545,"date":"2022-01-09T11:06:22","date_gmt":"2022-01-09T11:06:22","guid":{"rendered":"https:\/\/movingcamera.de\/?page_id=26545"},"modified":"2023-02-22T16:45:27","modified_gmt":"2023-02-22T16:45:27","slug":"my-travel-book-berlin","status":"publish","type":"page","link":"https:\/\/movingcamera.de\/?page_id=26545","title":{"rendered":"my travel book Berlin"},"content":{"rendered":"\t\t<div data-elementor-type=\"wp-page\" data-elementor-id=\"26545\" class=\"elementor elementor-26545\" data-elementor-post-type=\"page\">\n\t\t\t\t\t\t\t\t\t<section class=\"elementor-section elementor-top-section elementor-element elementor-element-71811f5 elementor-section-full_width elementor-section-stretched elementor-section-height-min-height elementor-section-height-default elementor-section-items-middle\" data-id=\"71811f5\" data-element_type=\"section\" data-settings=\"{&quot;background_background&quot;:&quot;classic&quot;,&quot;stretch_section&quot;:&quot;section-stretched&quot;}\">\n\t\t\t\t\t\t\t<div class=\"elementor-background-overlay\"><\/div>\n\t\t\t\t\t\t\t<div class=\"elementor-container elementor-column-gap-no\">\n\t\t\t\t\t<div class=\"elementor-column elementor-col-100 elementor-top-column elementor-element elementor-element-3544a4f\" data-id=\"3544a4f\" data-element_type=\"column\">\n\t\t\t<div class=\"elementor-widget-wrap elementor-element-populated\">\n\t\t\t\t\t\t\t\t<div class=\"elementor-element elementor-element-1b6072b elementor-widget elementor-widget-heading\" data-id=\"1b6072b\" data-element_type=\"widget\" data-widget_type=\"heading.default\">\n\t\t\t\t<div class=\"elementor-widget-container\">\n\t\t\t<h1 class=\"elementor-heading-title elementor-size-default\">MovingCamera<\/h1>\t\t<\/div>\n\t\t\t\t<\/div>\n\t\t\t\t<div class=\"elementor-element elementor-element-5e5acce elementor-widget elementor-widget-heading\" data-id=\"5e5acce\" data-element_type=\"widget\" data-widget_type=\"heading.default\">\n\t\t\t\t<div class=\"elementor-widget-container\">\n\t\t\t<h2 class=\"elementor-heading-title elementor-size-default\"><b>Photography &amp; Travel<\/b><\/h2>\t\t<\/div>\n\t\t\t\t<\/div>\n\t\t\t\t\t<\/div>\n\t\t<\/div>\n\t\t\t\t\t\t\t<\/div>\n\t\t<\/section>\n\t\t\t\t<section class=\"elementor-section elementor-top-section elementor-element elementor-element-38810a1 elementor-section-boxed elementor-section-height-default elementor-section-height-default\" data-id=\"38810a1\" data-element_type=\"section\">\n\t\t\t\t\t\t<div class=\"elementor-container elementor-column-gap-default\">\n\t\t\t\t\t<div class=\"elementor-column elementor-col-100 elementor-top-column elementor-element elementor-element-d45b266\" data-id=\"d45b266\" data-element_type=\"column\">\n\t\t\t<div class=\"elementor-widget-wrap elementor-element-populated\">\n\t\t\t\t\t\t\t\t<div class=\"elementor-element elementor-element-92db02f elementor-widget elementor-widget-text-editor\" data-id=\"92db02f\" data-element_type=\"widget\" data-widget_type=\"text-editor.default\">\n\t\t\t\t<div class=\"elementor-widget-container\">\n\t\t\t\t\t\t\t<p>\/\/\/ Fotoreise Berlin&nbsp;<\/p>\t\t\t\t\t\t<\/div>\n\t\t\t\t<\/div>\n\t\t\t\t\t<\/div>\n\t\t<\/div>\n\t\t\t\t\t\t\t<\/div>\n\t\t<\/section>\n\t\t\t\t<section class=\"elementor-section elementor-top-section elementor-element elementor-element-9767c36 elementor-section-boxed elementor-section-height-default elementor-section-height-default\" data-id=\"9767c36\" data-element_type=\"section\">\n\t\t\t\t\t\t<div class=\"elementor-container elementor-column-gap-default\">\n\t\t\t\t\t<div class=\"elementor-column elementor-col-100 elementor-top-column elementor-element elementor-element-d17f925\" data-id=\"d17f925\" data-element_type=\"column\">\n\t\t\t<div class=\"elementor-widget-wrap elementor-element-populated\">\n\t\t\t\t\t\t\t\t<div class=\"elementor-element elementor-element-151588a elementor-widget elementor-widget-image\" data-id=\"151588a\" data-element_type=\"widget\" data-widget_type=\"image.default\">\n\t\t\t\t<div class=\"elementor-widget-container\">\n\t\t\t\t\t\t\t\t\t\t\t\t\t\t\t<img fetchpriority=\"high\" decoding=\"async\" width=\"2560\" height=\"2560\" src=\"https:\/\/movingcamera.de\/wp-content\/uploads\/2022\/01\/DSF3368_2-b-2-scaled.jpg\" class=\"attachment-full size-full wp-image-26493\" alt=\"\" srcset=\"https:\/\/movingcamera.de\/wp-content\/uploads\/2022\/01\/DSF3368_2-b-2-scaled.jpg 2560w, https:\/\/movingcamera.de\/wp-content\/uploads\/2022\/01\/DSF3368_2-b-2-300x300.jpg 300w, https:\/\/movingcamera.de\/wp-content\/uploads\/2022\/01\/DSF3368_2-b-2-700x700.jpg 700w, https:\/\/movingcamera.de\/wp-content\/uploads\/2022\/01\/DSF3368_2-b-2-150x150.jpg 150w, https:\/\/movingcamera.de\/wp-content\/uploads\/2022\/01\/DSF3368_2-b-2-768x768.jpg 768w, https:\/\/movingcamera.de\/wp-content\/uploads\/2022\/01\/DSF3368_2-b-2-1536x1536.jpg 1536w, https:\/\/movingcamera.de\/wp-content\/uploads\/2022\/01\/DSF3368_2-b-2-2048x2048.jpg 2048w, https:\/\/movingcamera.de\/wp-content\/uploads\/2022\/01\/DSF3368_2-b-2-440x440.jpg 440w, https:\/\/movingcamera.de\/wp-content\/uploads\/2022\/01\/DSF3368_2-b-2-610x610.jpg 610w, https:\/\/movingcamera.de\/wp-content\/uploads\/2022\/01\/DSF3368_2-b-2-144x144.jpg 144w\" sizes=\"(max-width: 2560px) 100vw, 2560px\" \/>\t\t\t\t\t\t\t\t\t\t\t\t\t\t\t<\/div>\n\t\t\t\t<\/div>\n\t\t\t\t\t<\/div>\n\t\t<\/div>\n\t\t\t\t\t\t\t<\/div>\n\t\t<\/section>\n\t\t\t\t<section class=\"elementor-section elementor-top-section elementor-element elementor-element-7b906a0 elementor-section-boxed elementor-section-height-default elementor-section-height-default\" data-id=\"7b906a0\" data-element_type=\"section\">\n\t\t\t\t\t\t<div class=\"elementor-container elementor-column-gap-default\">\n\t\t\t\t\t<div class=\"elementor-column elementor-col-100 elementor-top-column elementor-element elementor-element-22e2ebc\" data-id=\"22e2ebc\" data-element_type=\"column\">\n\t\t\t<div class=\"elementor-widget-wrap elementor-element-populated\">\n\t\t\t\t\t\t\t\t<div class=\"elementor-element elementor-element-4799983 elementor-drop-cap-yes elementor-drop-cap-view-default elementor-widget elementor-widget-text-editor\" data-id=\"4799983\" data-element_type=\"widget\" data-settings=\"{&quot;drop_cap&quot;:&quot;yes&quot;}\" data-widget_type=\"text-editor.default\">\n\t\t\t\t<div class=\"elementor-widget-container\">\n\t\t\t\t\t\t\t<p>Endlich wieder einmal in Berlin. Es war nach wirklich langer ein gro\u00dfartiges Gef\u00fchl in der Hauptstadt zu verweilen. Da ich fr\u00fcher f\u00fcr Jahre in Berlin wohnte, ist hier ein jeder Besuch f\u00fcr mich mit einem nach Hause kommen verbunden.Ein ganz Woche blieb mir, um mir einiges an fotografische Zielen, die ich mir herausgesucht hatte, vorzunehmen. Das Wetter nahm ich wie es kam, von Temperaturen -10 bis + 12. Sonnig, strahlend blauer Himmel, bis tr\u00fcb und gr\u00e4ulich wirkend. Alles in allem, genoss und sch\u00f6pfte ich meine Zeit ich bis zum letzten Moment aus.<\/p><p>Hier befand ich mich an der 1894 erbauten Oberbaumbr\u00fccke an der Spree, die die Bezirke Kreuzberg und Friedrichshain verbindet. Vielen ist das Wahrzeichen Friedrichsheim-Kreuzberg wohl auch deshalb bekannt, weil diese Region etliches an Partymeile zu bieten hat.Wer also in Berlin ist, sollte einfach mal bis U Schlesisches Tor fahren. Berlin, immer eine Reise wert.<\/p>\t\t\t\t\t\t<\/div>\n\t\t\t\t<\/div>\n\t\t\t\t<div class=\"elementor-element elementor-element-62c5a40 elementor-widget elementor-widget-text-editor\" data-id=\"62c5a40\" data-element_type=\"widget\" data-widget_type=\"text-editor.default\">\n\t\t\t\t<div class=\"elementor-widget-container\">\n\t\t\t\t\t\t\t<p>\u00a0 \u00a0 \u00a0 \u00a0 \u00a0 \u00a0 \u00a0 \u00a0 \u00a0 \u00a0 \u00a0 \u00a0 \u00a0 \u00a0 \u00a0 \u00a0 \u00a0 \u00a0 \u00a0 \u00a0 \u00a0 \u00a0 \u00a0 \u00a0 \u00a0 \u00a0 \u00a0 \u00a0 \u00a0 \u00a0 \u00a0 \u00a0 \u00a0 \u00a0 \u00a0 \u00a0 \u00a0 \u00a0 \u00a0\u00a0<\/p>\t\t\t\t\t\t<\/div>\n\t\t\t\t<\/div>\n\t\t\t\t\t<\/div>\n\t\t<\/div>\n\t\t\t\t\t\t\t<\/div>\n\t\t<\/section>\n\t\t\t\t<section class=\"elementor-section elementor-top-section elementor-element elementor-element-85baea9 elementor-section-boxed elementor-section-height-default elementor-section-height-default\" data-id=\"85baea9\" data-element_type=\"section\">\n\t\t\t\t\t\t<div class=\"elementor-container elementor-column-gap-default\">\n\t\t\t\t\t<div class=\"elementor-column elementor-col-100 elementor-top-column elementor-element elementor-element-3f34dc5\" data-id=\"3f34dc5\" data-element_type=\"column\">\n\t\t\t<div class=\"elementor-widget-wrap elementor-element-populated\">\n\t\t\t\t\t\t\t\t<div class=\"elementor-element elementor-element-919bb2d elementor-widget elementor-widget-image\" data-id=\"919bb2d\" data-element_type=\"widget\" data-widget_type=\"image.default\">\n\t\t\t\t<div class=\"elementor-widget-container\">\n\t\t\t\t\t\t\t\t\t\t\t\t\t\t\t<img decoding=\"async\" width=\"2402\" height=\"2560\" src=\"https:\/\/movingcamera.de\/wp-content\/uploads\/2022\/01\/DSF3363_4-s-frame-Kopie-scaled.jpg\" class=\"attachment-full size-full wp-image-26512\" alt=\"DSF3363_4-s-frame-Kopie\" srcset=\"https:\/\/movingcamera.de\/wp-content\/uploads\/2022\/01\/DSF3363_4-s-frame-Kopie-scaled.jpg 2402w, https:\/\/movingcamera.de\/wp-content\/uploads\/2022\/01\/DSF3363_4-s-frame-Kopie-281x300.jpg 281w, https:\/\/movingcamera.de\/wp-content\/uploads\/2022\/01\/DSF3363_4-s-frame-Kopie-700x746.jpg 700w, https:\/\/movingcamera.de\/wp-content\/uploads\/2022\/01\/DSF3363_4-s-frame-Kopie-768x819.jpg 768w, https:\/\/movingcamera.de\/wp-content\/uploads\/2022\/01\/DSF3363_4-s-frame-Kopie-1441x1536.jpg 1441w, https:\/\/movingcamera.de\/wp-content\/uploads\/2022\/01\/DSF3363_4-s-frame-Kopie-1921x2048.jpg 1921w, https:\/\/movingcamera.de\/wp-content\/uploads\/2022\/01\/DSF3363_4-s-frame-Kopie-440x469.jpg 440w\" sizes=\"(max-width: 2402px) 100vw, 2402px\" \/>\t\t\t\t\t\t\t\t\t\t\t\t\t\t\t<\/div>\n\t\t\t\t<\/div>\n\t\t\t\t\t<\/div>\n\t\t<\/div>\n\t\t\t\t\t\t\t<\/div>\n\t\t<\/section>\n\t\t\t\t<section class=\"elementor-section elementor-top-section elementor-element elementor-element-2cda285 elementor-section-boxed elementor-section-height-default elementor-section-height-default\" data-id=\"2cda285\" data-element_type=\"section\">\n\t\t\t\t\t\t<div class=\"elementor-container elementor-column-gap-default\">\n\t\t\t\t\t<div class=\"elementor-column elementor-col-100 elementor-top-column elementor-element elementor-element-6077074\" data-id=\"6077074\" data-element_type=\"column\">\n\t\t\t<div class=\"elementor-widget-wrap elementor-element-populated\">\n\t\t\t\t\t\t\t\t<div class=\"elementor-element elementor-element-ba909de elementor-drop-cap-yes elementor-drop-cap-view-default elementor-widget elementor-widget-text-editor\" data-id=\"ba909de\" data-element_type=\"widget\" data-settings=\"{&quot;drop_cap&quot;:&quot;yes&quot;}\" data-widget_type=\"text-editor.default\">\n\t\t\t\t<div class=\"elementor-widget-container\">\n\t\t\t\t\t\t\t<p>Eines meiner Tagesziele war die Insel der Jugend, zwischen Treptower Park und Forst Pl\u00e4nterwald gelegen, zu besuchen. Gespannt war ich nat\u00fcrlich sehr, was mich dort abseits touristischer Pfade, raus aus dem Trubel der City, erwarten w\u00fcrde.<br \/><br \/>Dort angekommen, sah ich sie, den Blickfang f\u00fcr mein Bild, die Abteibr\u00fccke, die als \u00e4lteste Stahlverbundsbr\u00fccke Deutschlands der einzige Zugang zur Insel ist. Bevor ich jedoch hin\u00fcberging, suchte ich mir meinen Standort zum Fotografieren. Rechts und links bot es sich an, Aufnahmen zu machen. Die Br\u00fccke von rechts aus ins Bild laufen zu lassen, schien mir allerdings passender, da sich dadurch der Blick mehr nur auf die Insel konzentrierte.<br \/><br \/>Zu guter Letzt, lies es mir nicht nehmen, die Br\u00fccke zu \u00fcberqueren, um die inmitten der Spree gelegene Insel zu erkunden. Ein herrliches Fleckchen Erde, was auch als Experimentierst\u00e4tte f\u00fcr alle Formen der Kunst genutzt wird. Zahlreiche Kulturangebote, unter anderem sogar auch Live-Musik, finden dort f\u00fcr Jung und alt immer wieder statt.<br \/><br \/>Bewusst habe ich mich entschieden, dass Bild in Schwarz Wei\u00df zu pr\u00e4sentieren. F\u00fcr mich eine sch\u00f6ne Reduktion auf das Wesentliche. Es spiegelt hoffentlich die Ruhe die ich dort um mich herum empfunden habe, wieder.<\/p>\t\t\t\t\t\t<\/div>\n\t\t\t\t<\/div>\n\t\t\t\t<div class=\"elementor-element elementor-element-fac34e4 elementor-widget elementor-widget-text-editor\" data-id=\"fac34e4\" data-element_type=\"widget\" data-widget_type=\"text-editor.default\">\n\t\t\t\t<div class=\"elementor-widget-container\">\n\t\t\t\t\t\t\t<p>\u00a0 \u00a0 \u00a0 \u00a0 \u00a0 \u00a0 \u00a0 \u00a0 \u00a0 \u00a0 \u00a0 \u00a0 \u00a0 \u00a0 \u00a0 \u00a0 \u00a0 \u00a0 \u00a0 \u00a0 \u00a0 \u00a0 \u00a0 \u00a0 \u00a0 \u00a0 \u00a0 \u00a0 \u00a0 \u00a0 \u00a0 \u00a0 \u00a0 \u00a0 \u00a0 \u00a0 \u00a0 \u00a0 \u00a0\u00a0<\/p>\t\t\t\t\t\t<\/div>\n\t\t\t\t<\/div>\n\t\t\t\t\t<\/div>\n\t\t<\/div>\n\t\t\t\t\t\t\t<\/div>\n\t\t<\/section>\n\t\t\t\t<section class=\"elementor-section elementor-top-section elementor-element elementor-element-4adbcc6 elementor-section-boxed elementor-section-height-default elementor-section-height-default\" data-id=\"4adbcc6\" data-element_type=\"section\">\n\t\t\t\t\t\t<div class=\"elementor-container elementor-column-gap-default\">\n\t\t\t\t\t<div class=\"elementor-column elementor-col-100 elementor-top-column elementor-element elementor-element-c892faf\" data-id=\"c892faf\" data-element_type=\"column\">\n\t\t\t<div class=\"elementor-widget-wrap elementor-element-populated\">\n\t\t\t\t\t\t\t\t<div class=\"elementor-element elementor-element-1c1f3b3 elementor-widget elementor-widget-image\" data-id=\"1c1f3b3\" data-element_type=\"widget\" data-widget_type=\"image.default\">\n\t\t\t\t<div class=\"elementor-widget-container\">\n\t\t\t\t\t\t\t\t\t\t\t\t\t\t\t<img decoding=\"async\" width=\"1037\" height=\"1037\" src=\"https:\/\/movingcamera.de\/wp-content\/uploads\/2022\/01\/DSF3374_5-frame-1-1.jpg\" class=\"attachment-full size-full wp-image-26531\" alt=\"_DSF3374_5 frame 1-1\" srcset=\"https:\/\/movingcamera.de\/wp-content\/uploads\/2022\/01\/DSF3374_5-frame-1-1.jpg 1037w, https:\/\/movingcamera.de\/wp-content\/uploads\/2022\/01\/DSF3374_5-frame-1-1-300x300.jpg 300w, https:\/\/movingcamera.de\/wp-content\/uploads\/2022\/01\/DSF3374_5-frame-1-1-700x700.jpg 700w, https:\/\/movingcamera.de\/wp-content\/uploads\/2022\/01\/DSF3374_5-frame-1-1-150x150.jpg 150w, https:\/\/movingcamera.de\/wp-content\/uploads\/2022\/01\/DSF3374_5-frame-1-1-768x768.jpg 768w, https:\/\/movingcamera.de\/wp-content\/uploads\/2022\/01\/DSF3374_5-frame-1-1-440x440.jpg 440w, https:\/\/movingcamera.de\/wp-content\/uploads\/2022\/01\/DSF3374_5-frame-1-1-610x610.jpg 610w, https:\/\/movingcamera.de\/wp-content\/uploads\/2022\/01\/DSF3374_5-frame-1-1-144x144.jpg 144w\" sizes=\"(max-width: 1037px) 100vw, 1037px\" \/>\t\t\t\t\t\t\t\t\t\t\t\t\t\t\t<\/div>\n\t\t\t\t<\/div>\n\t\t\t\t\t<\/div>\n\t\t<\/div>\n\t\t\t\t\t\t\t<\/div>\n\t\t<\/section>\n\t\t\t\t<section class=\"elementor-section elementor-top-section elementor-element elementor-element-dcab1f5 elementor-section-boxed elementor-section-height-default elementor-section-height-default\" data-id=\"dcab1f5\" data-element_type=\"section\">\n\t\t\t\t\t\t<div class=\"elementor-container elementor-column-gap-default\">\n\t\t\t\t\t<div class=\"elementor-column elementor-col-100 elementor-top-column elementor-element elementor-element-9b57844\" data-id=\"9b57844\" data-element_type=\"column\">\n\t\t\t<div class=\"elementor-widget-wrap elementor-element-populated\">\n\t\t\t\t\t\t\t\t<div class=\"elementor-element elementor-element-7ed4a47 elementor-drop-cap-yes elementor-drop-cap-view-default elementor-widget elementor-widget-text-editor\" data-id=\"7ed4a47\" data-element_type=\"widget\" data-settings=\"{&quot;drop_cap&quot;:&quot;yes&quot;}\" data-widget_type=\"text-editor.default\">\n\t\t\t\t<div class=\"elementor-widget-container\">\n\t\t\t\t\t\t\t<p>Nat\u00fcrlich war ich wie immer, auf das gespannt, was mich erwarten w\u00fcrde. So ging es f\u00fcr mich recht fr\u00fch morgens bei recht best\u00e4ndigem Wetter, obwohl Regen in der Luft lag, gleich nach dem Fr\u00fchst\u00fcck los.<br \/><br \/>Zuerst steuerte ich die &#8222;Insel der Jugend&#8220; im Treptower Park an, von dort aus zur &#8222;Oberbaumbr\u00fccke&#8220; in Friedrichshain \/ Kreuzberg und abschlie\u00dfend, noch rechtzeitig vor Sonnenuntergang, zur mir ebenfalls unbekannten &#8222;Tegeler Hafenbr\u00fccke&#8220; im Ortsteil Tegel. Erbaut wurde die Fachwerkkbogenbr\u00fccke1908. Die Fu\u00dfgangerbr\u00fccke \u00fcberspannt mit 91 Metern L\u00e4nge, die Einfahrt des Tegler Hafens und die M\u00fcndung des Tegeler Flie\u00dfes. Heute steht sie unter Denkmalschutz und ist h\u00e4ufig Kulisse f\u00fcr Dreharbeiten.<br \/><br \/>\u00dcbrigens, im Volksmund wird die Teglerbr\u00fccke auch \u201eSechserbr\u00fccke genannt. Das ruht daher, das man im Berlin des 19. Jahrhunderts f\u00fcr die \u00dcberquerung einiger wichtiger Br\u00fccken in der Stadt die H\u00f6he eines halben Groschens, sprich einen Sechser, zahlen musste.<\/p>\t\t\t\t\t\t<\/div>\n\t\t\t\t<\/div>\n\t\t\t\t<div class=\"elementor-element elementor-element-2932659 elementor-widget elementor-widget-text-editor\" data-id=\"2932659\" data-element_type=\"widget\" data-widget_type=\"text-editor.default\">\n\t\t\t\t<div class=\"elementor-widget-container\">\n\t\t\t\t\t\t\t<p>\u00a0 \u00a0 \u00a0 \u00a0 \u00a0 \u00a0 \u00a0 \u00a0 \u00a0 \u00a0 \u00a0 \u00a0 \u00a0 \u00a0 \u00a0 \u00a0 \u00a0 \u00a0 \u00a0 \u00a0 \u00a0 \u00a0 \u00a0 \u00a0 \u00a0 \u00a0 \u00a0 \u00a0 \u00a0 \u00a0 \u00a0 \u00a0 \u00a0 \u00a0 \u00a0 \u00a0 \u00a0 \u00a0 \u00a0\u00a0<\/p>\t\t\t\t\t\t<\/div>\n\t\t\t\t<\/div>\n\t\t\t\t\t<\/div>\n\t\t<\/div>\n\t\t\t\t\t\t\t<\/div>\n\t\t<\/section>\n\t\t\t\t<section class=\"elementor-section elementor-top-section elementor-element elementor-element-7e45d8e elementor-section-boxed elementor-section-height-default elementor-section-height-default\" data-id=\"7e45d8e\" data-element_type=\"section\">\n\t\t\t\t\t\t<div class=\"elementor-container elementor-column-gap-default\">\n\t\t\t\t\t<div class=\"elementor-column elementor-col-100 elementor-top-column elementor-element elementor-element-b731276\" data-id=\"b731276\" data-element_type=\"column\">\n\t\t\t<div class=\"elementor-widget-wrap elementor-element-populated\">\n\t\t\t\t\t\t\t\t<div class=\"elementor-element elementor-element-285563c elementor-widget elementor-widget-image\" data-id=\"285563c\" data-element_type=\"widget\" data-widget_type=\"image.default\">\n\t\t\t\t<div class=\"elementor-widget-container\">\n\t\t\t\t\t\t\t\t\t\t\t\t\t\t\t<img loading=\"lazy\" decoding=\"async\" width=\"1888\" height=\"1063\" src=\"https:\/\/movingcamera.de\/wp-content\/uploads\/2022\/01\/DSF3382_1-16-9-s.jpg\" class=\"attachment-full size-full wp-image-26536\" alt=\"_DSF3382_1-16-9 s\" srcset=\"https:\/\/movingcamera.de\/wp-content\/uploads\/2022\/01\/DSF3382_1-16-9-s.jpg 1888w, https:\/\/movingcamera.de\/wp-content\/uploads\/2022\/01\/DSF3382_1-16-9-s-300x169.jpg 300w, https:\/\/movingcamera.de\/wp-content\/uploads\/2022\/01\/DSF3382_1-16-9-s-700x394.jpg 700w, https:\/\/movingcamera.de\/wp-content\/uploads\/2022\/01\/DSF3382_1-16-9-s-768x432.jpg 768w, https:\/\/movingcamera.de\/wp-content\/uploads\/2022\/01\/DSF3382_1-16-9-s-1536x865.jpg 1536w, https:\/\/movingcamera.de\/wp-content\/uploads\/2022\/01\/DSF3382_1-16-9-s-440x248.jpg 440w\" sizes=\"(max-width: 1888px) 100vw, 1888px\" \/>\t\t\t\t\t\t\t\t\t\t\t\t\t\t\t<\/div>\n\t\t\t\t<\/div>\n\t\t\t\t\t<\/div>\n\t\t<\/div>\n\t\t\t\t\t\t\t<\/div>\n\t\t<\/section>\n\t\t\t\t<section class=\"elementor-section elementor-top-section elementor-element elementor-element-d934ef7 elementor-section-boxed elementor-section-height-default elementor-section-height-default\" data-id=\"d934ef7\" data-element_type=\"section\">\n\t\t\t\t\t\t<div class=\"elementor-container elementor-column-gap-default\">\n\t\t\t\t\t<div class=\"elementor-column elementor-col-100 elementor-top-column elementor-element elementor-element-7deb31d\" data-id=\"7deb31d\" data-element_type=\"column\">\n\t\t\t<div class=\"elementor-widget-wrap elementor-element-populated\">\n\t\t\t\t\t\t\t\t<div class=\"elementor-element elementor-element-08df3f3 elementor-drop-cap-yes elementor-drop-cap-view-default elementor-widget elementor-widget-text-editor\" data-id=\"08df3f3\" data-element_type=\"widget\" data-settings=\"{&quot;drop_cap&quot;:&quot;yes&quot;}\" data-widget_type=\"text-editor.default\">\n\t\t\t\t<div class=\"elementor-widget-container\">\n\t\t\t\t\t\t\t<p>Dieses Bild entstand kurz nach Sonnenuntergang am Tegeler See, im Berliner Ortsteil Tegel des Bezirks Reinickendorf. Nachdem ich mein Bild von der Tegeler Hafenbr\u00fccke, im Volksmund auch &#8222;Sechserbr\u00fccke&#8220; genannt, auf den Chip gebannt hatte.<\/p><p>Alles hatte ich zusammen gepackt um meinen R\u00fcckweg anzutreten. Von meinem Standpunkt aus blickte ich direkt r\u00fcber zum See und schon kam mir der Gedanke, das restliche Licht zu erhaschen um doch noch diese Stimmung einzufangen, die sich da anbahnte. Die Sonne war bereits untergegangen, was ich sehr ansprechend fand. Z\u00fcgig lief ich zur\u00fcck \u00fcber die Br\u00fccke an das Ufer des Sees. Mein Stativ war schnell aufgestellt. Nur noch Kamera und Filter anbringen und los ging es. Die Beiden Stege im Vorderbrund waren gerade zu pr\u00e4destiniert, mein Bild mit zu gestalten. Wunderbar dazu, der Blick auf die kleine mittig im See liegende Insel &#8220; Hasslewerder&#8220;. Herrlich, das sich zudem am Horizont passend stimmungsvolle Lichter von anliegenden Booten und H\u00e4usern abzeichneten.<\/p><p>F\u00fcr mich ging wieder ein bemerkenswerter und vielseitiger Fototag hier am See zu Ende. Auf meinem R\u00fcckweg zur U-Bahn Station Alt-Tegel, kehrte ich noch Appetitvoll in ein indisches Restaurant ein. Klasse, es war ganz nach meinem Geschmack.<\/p>\t\t\t\t\t\t<\/div>\n\t\t\t\t<\/div>\n\t\t\t\t\t<\/div>\n\t\t<\/div>\n\t\t\t\t\t\t\t<\/div>\n\t\t<\/section>\n\t\t\t\t<section class=\"elementor-section elementor-top-section elementor-element elementor-element-7e113d4 elementor-section-boxed elementor-section-height-default elementor-section-height-default\" data-id=\"7e113d4\" data-element_type=\"section\">\n\t\t\t\t\t\t<div class=\"elementor-container elementor-column-gap-default\">\n\t\t\t\t\t<div class=\"elementor-column elementor-col-100 elementor-top-column elementor-element elementor-element-b806251\" data-id=\"b806251\" data-element_type=\"column\">\n\t\t\t<div class=\"elementor-widget-wrap elementor-element-populated\">\n\t\t\t\t\t\t\t\t<div class=\"elementor-element elementor-element-59e16f3 elementor-widget elementor-widget-image\" data-id=\"59e16f3\" data-element_type=\"widget\" data-widget_type=\"image.default\">\n\t\t\t\t<div class=\"elementor-widget-container\">\n\t\t\t\t\t\t\t\t\t\t\t\t\t\t\t<img loading=\"lazy\" decoding=\"async\" width=\"2560\" height=\"1440\" src=\"https:\/\/movingcamera.de\/wp-content\/uploads\/2022\/01\/DSF3282_1-b-16-9-scaled.jpg\" class=\"attachment-full size-full wp-image-26483\" alt=\"DSF3282_1-b-16-9\" srcset=\"https:\/\/movingcamera.de\/wp-content\/uploads\/2022\/01\/DSF3282_1-b-16-9-scaled.jpg 2560w, https:\/\/movingcamera.de\/wp-content\/uploads\/2022\/01\/DSF3282_1-b-16-9-300x169.jpg 300w, https:\/\/movingcamera.de\/wp-content\/uploads\/2022\/01\/DSF3282_1-b-16-9-700x394.jpg 700w, https:\/\/movingcamera.de\/wp-content\/uploads\/2022\/01\/DSF3282_1-b-16-9-768x432.jpg 768w, https:\/\/movingcamera.de\/wp-content\/uploads\/2022\/01\/DSF3282_1-b-16-9-1536x864.jpg 1536w, https:\/\/movingcamera.de\/wp-content\/uploads\/2022\/01\/DSF3282_1-b-16-9-2048x1152.jpg 2048w, https:\/\/movingcamera.de\/wp-content\/uploads\/2022\/01\/DSF3282_1-b-16-9-440x248.jpg 440w\" sizes=\"(max-width: 2560px) 100vw, 2560px\" \/>\t\t\t\t\t\t\t\t\t\t\t\t\t\t\t<\/div>\n\t\t\t\t<\/div>\n\t\t\t\t\t<\/div>\n\t\t<\/div>\n\t\t\t\t\t\t\t<\/div>\n\t\t<\/section>\n\t\t\t\t<section class=\"elementor-section elementor-top-section elementor-element elementor-element-02e61a6 elementor-section-boxed elementor-section-height-default elementor-section-height-default\" data-id=\"02e61a6\" data-element_type=\"section\">\n\t\t\t\t\t\t<div class=\"elementor-container elementor-column-gap-default\">\n\t\t\t\t\t<div class=\"elementor-column elementor-col-100 elementor-top-column elementor-element elementor-element-696696c\" data-id=\"696696c\" data-element_type=\"column\">\n\t\t\t<div class=\"elementor-widget-wrap elementor-element-populated\">\n\t\t\t\t\t\t\t\t<div class=\"elementor-element elementor-element-b7c879b elementor-drop-cap-yes elementor-drop-cap-view-default elementor-widget elementor-widget-text-editor\" data-id=\"b7c879b\" data-element_type=\"widget\" data-settings=\"{&quot;drop_cap&quot;:&quot;yes&quot;}\" data-widget_type=\"text-editor.default\">\n\t\t\t\t<div class=\"elementor-widget-container\">\n\t\t\t\t\t\t\t<p>Es begeistert mich immer wieder auf\u00b4s Neue, zwischen den Jahreszeiten die\u00a0 unterschiedlichen Witterungen als spannendes Stilmittel mit einzubeziehen. Dieses Mal konnte ich mir ausreichend Zeit lassen, um f\u00fcr mich Standorte und Sichten rund um das Reichstagsufer herauszupicken.<br \/><br \/>Mein hiesiger Standpunkt, die Bibliothek des Deutschen Bundestages. Von dort aus, weil auch so sch\u00f6n erh\u00f6ht, bietet sich ein toller Blick auf das Reichstagsgeb\u00e4ude, die Spree samt Promenade. Rechts f\u00fchrt der Blick vorbei am Paul-L\u00f6be-Haus, in der Ferne l\u00e4sst sich noch das Dach vom &#8220; Haus der Kulturen der Welt&#8220; erkennen. Links neben dem Reichstagsgeb\u00e4ude, angrenzend an den Friedrich-Ebert-Platz, findet sich knapp ersichtlich, das Reichstagspr\u00e4sidentenpalais. Hier pr\u00e4sentieren sich historische wie moderne Architektur stilvoll beieinander.<\/p><p>Rechtsseitig zeigt sich das Marie-Elisabeth-Lueders-Haus, als dritter Parlamentsneubau an der Spree, linksseitig das Paul-L\u00f6be-Haus, entworfen von dem Architekten Stephan Braunfels.<\/p>\t\t\t\t\t\t<\/div>\n\t\t\t\t<\/div>\n\t\t\t\t\t<\/div>\n\t\t<\/div>\n\t\t\t\t\t\t\t<\/div>\n\t\t<\/section>\n\t\t\t\t<section class=\"elementor-section elementor-top-section elementor-element elementor-element-81de380 elementor-section-boxed elementor-section-height-default elementor-section-height-default\" data-id=\"81de380\" data-element_type=\"section\">\n\t\t\t\t\t\t<div class=\"elementor-container elementor-column-gap-default\">\n\t\t\t\t\t<div class=\"elementor-column elementor-col-100 elementor-top-column elementor-element elementor-element-8d85a4d\" data-id=\"8d85a4d\" data-element_type=\"column\">\n\t\t\t<div class=\"elementor-widget-wrap elementor-element-populated\">\n\t\t\t\t\t\t\t\t<div class=\"elementor-element elementor-element-247d1a5 elementor-widget elementor-widget-image\" data-id=\"247d1a5\" data-element_type=\"widget\" data-widget_type=\"image.default\">\n\t\t\t\t<div class=\"elementor-widget-container\">\n\t\t\t\t\t\t\t\t\t\t\t\t\t\t\t<img loading=\"lazy\" decoding=\"async\" width=\"2560\" height=\"1440\" src=\"https:\/\/movingcamera.de\/wp-content\/uploads\/2022\/01\/DSF3310_3-16-9-scaled.jpg\" class=\"attachment-full size-full wp-image-26487\" alt=\"DSF3310_3-16-9\" srcset=\"https:\/\/movingcamera.de\/wp-content\/uploads\/2022\/01\/DSF3310_3-16-9-scaled.jpg 2560w, https:\/\/movingcamera.de\/wp-content\/uploads\/2022\/01\/DSF3310_3-16-9-300x169.jpg 300w, https:\/\/movingcamera.de\/wp-content\/uploads\/2022\/01\/DSF3310_3-16-9-700x394.jpg 700w, https:\/\/movingcamera.de\/wp-content\/uploads\/2022\/01\/DSF3310_3-16-9-768x432.jpg 768w, https:\/\/movingcamera.de\/wp-content\/uploads\/2022\/01\/DSF3310_3-16-9-1536x864.jpg 1536w, https:\/\/movingcamera.de\/wp-content\/uploads\/2022\/01\/DSF3310_3-16-9-2048x1152.jpg 2048w, https:\/\/movingcamera.de\/wp-content\/uploads\/2022\/01\/DSF3310_3-16-9-440x248.jpg 440w\" sizes=\"(max-width: 2560px) 100vw, 2560px\" \/>\t\t\t\t\t\t\t\t\t\t\t\t\t\t\t<\/div>\n\t\t\t\t<\/div>\n\t\t\t\t<div class=\"elementor-element elementor-element-3da4c6d elementor-widget elementor-widget-image\" data-id=\"3da4c6d\" data-element_type=\"widget\" data-widget_type=\"image.default\">\n\t\t\t\t<div class=\"elementor-widget-container\">\n\t\t\t\t\t\t\t\t\t\t\t\t\t\t\t<img loading=\"lazy\" decoding=\"async\" width=\"1958\" height=\"2560\" src=\"https:\/\/movingcamera.de\/wp-content\/uploads\/2022\/02\/DSF3307-10-b-s-scaled.jpg\" class=\"attachment-full size-full wp-image-26703\" alt=\"_DSF3307 10 b s\" srcset=\"https:\/\/movingcamera.de\/wp-content\/uploads\/2022\/02\/DSF3307-10-b-s-scaled.jpg 1958w, https:\/\/movingcamera.de\/wp-content\/uploads\/2022\/02\/DSF3307-10-b-s-229x300.jpg 229w, https:\/\/movingcamera.de\/wp-content\/uploads\/2022\/02\/DSF3307-10-b-s-700x915.jpg 700w, https:\/\/movingcamera.de\/wp-content\/uploads\/2022\/02\/DSF3307-10-b-s-768x1004.jpg 768w, https:\/\/movingcamera.de\/wp-content\/uploads\/2022\/02\/DSF3307-10-b-s-1175x1536.jpg 1175w, https:\/\/movingcamera.de\/wp-content\/uploads\/2022\/02\/DSF3307-10-b-s-1567x2048.jpg 1567w, https:\/\/movingcamera.de\/wp-content\/uploads\/2022\/02\/DSF3307-10-b-s-440x575.jpg 440w\" sizes=\"(max-width: 1958px) 100vw, 1958px\" \/>\t\t\t\t\t\t\t\t\t\t\t\t\t\t\t<\/div>\n\t\t\t\t<\/div>\n\t\t\t\t\t<\/div>\n\t\t<\/div>\n\t\t\t\t\t\t\t<\/div>\n\t\t<\/section>\n\t\t\t\t<section class=\"elementor-section elementor-top-section elementor-element elementor-element-a1ee501 elementor-section-boxed elementor-section-height-default elementor-section-height-default\" data-id=\"a1ee501\" data-element_type=\"section\">\n\t\t\t\t\t\t<div class=\"elementor-container elementor-column-gap-default\">\n\t\t\t\t\t<div class=\"elementor-column elementor-col-100 elementor-top-column elementor-element elementor-element-7e20e6a\" data-id=\"7e20e6a\" data-element_type=\"column\">\n\t\t\t<div class=\"elementor-widget-wrap elementor-element-populated\">\n\t\t\t\t\t\t\t\t<div class=\"elementor-element elementor-element-823c28b elementor-drop-cap-yes elementor-drop-cap-view-default elementor-widget elementor-widget-text-editor\" data-id=\"823c28b\" data-element_type=\"widget\" data-settings=\"{&quot;drop_cap&quot;:&quot;yes&quot;}\" data-widget_type=\"text-editor.default\">\n\t\t\t\t<div class=\"elementor-widget-container\">\n\t\t\t\t\t\t\t<p>Zeit war im \u00dcberfluss vorhanden. Eine ganze Woche blieb mir zwischen Weihnachten und Neujahr, um auch an diesem Tag in aller Seelenruhe das Reichstagsufer in Berlin f\u00fcr geeignete Motivsuche auf und ab zu laufen. Auch wenn ich das schon einige Male abgelichtet habe, Witterungs- und Lichtbedingungen, wie auch wechselnde Standorte, stellen f\u00fcr mich immer wieder einen neuen Reiz, die diese markante Architektur samt Spree in Szene zu setzten.<br \/><br \/>Rechtsseitig zeigt sich das Marie-Elisabeth-Lueders-Haus, als dritter Parlamentsneubau an der Spree, linksseitig das Paul-L\u00f6be-Haus, entworfen von dem Architekten Stephan Braunfels.<\/p>\t\t\t\t\t\t<\/div>\n\t\t\t\t<\/div>\n\t\t\t\t\t<\/div>\n\t\t<\/div>\n\t\t\t\t\t\t\t<\/div>\n\t\t<\/section>\n\t\t\t\t<section class=\"elementor-section elementor-top-section elementor-element elementor-element-e339cae elementor-section-boxed elementor-section-height-default elementor-section-height-default\" data-id=\"e339cae\" data-element_type=\"section\">\n\t\t\t\t\t\t<div class=\"elementor-container elementor-column-gap-default\">\n\t\t\t\t\t<div class=\"elementor-column elementor-col-100 elementor-top-column elementor-element elementor-element-36c7e52\" data-id=\"36c7e52\" data-element_type=\"column\">\n\t\t\t<div class=\"elementor-widget-wrap elementor-element-populated\">\n\t\t\t\t\t\t\t\t<div class=\"elementor-element elementor-element-a6cf50e elementor-widget elementor-widget-image\" data-id=\"a6cf50e\" data-element_type=\"widget\" data-widget_type=\"image.default\">\n\t\t\t\t<div class=\"elementor-widget-container\">\n\t\t\t\t\t\t\t\t\t\t\t\t\t\t\t<img loading=\"lazy\" decoding=\"async\" width=\"1037\" height=\"778\" src=\"https:\/\/movingcamera.de\/wp-content\/uploads\/2022\/01\/DSF3280_4-s.jpg\" class=\"attachment-full size-full wp-image-26524\" alt=\"_DSF3280_4 s\" srcset=\"https:\/\/movingcamera.de\/wp-content\/uploads\/2022\/01\/DSF3280_4-s.jpg 1037w, https:\/\/movingcamera.de\/wp-content\/uploads\/2022\/01\/DSF3280_4-s-300x225.jpg 300w, https:\/\/movingcamera.de\/wp-content\/uploads\/2022\/01\/DSF3280_4-s-700x525.jpg 700w, https:\/\/movingcamera.de\/wp-content\/uploads\/2022\/01\/DSF3280_4-s-768x576.jpg 768w, https:\/\/movingcamera.de\/wp-content\/uploads\/2022\/01\/DSF3280_4-s-440x330.jpg 440w\" sizes=\"(max-width: 1037px) 100vw, 1037px\" \/>\t\t\t\t\t\t\t\t\t\t\t\t\t\t\t<\/div>\n\t\t\t\t<\/div>\n\t\t\t\t\t<\/div>\n\t\t<\/div>\n\t\t\t\t\t\t\t<\/div>\n\t\t<\/section>\n\t\t\t\t<section class=\"elementor-section elementor-top-section elementor-element elementor-element-f2d070b elementor-section-boxed elementor-section-height-default elementor-section-height-default\" data-id=\"f2d070b\" data-element_type=\"section\">\n\t\t\t\t\t\t<div class=\"elementor-container elementor-column-gap-default\">\n\t\t\t\t\t<div class=\"elementor-column elementor-col-100 elementor-top-column elementor-element elementor-element-bed49bf\" data-id=\"bed49bf\" data-element_type=\"column\">\n\t\t\t<div class=\"elementor-widget-wrap elementor-element-populated\">\n\t\t\t\t\t\t\t\t<div class=\"elementor-element elementor-element-85467b9 elementor-drop-cap-yes elementor-drop-cap-view-default elementor-widget elementor-widget-text-editor\" data-id=\"85467b9\" data-element_type=\"widget\" data-settings=\"{&quot;drop_cap&quot;:&quot;yes&quot;}\" data-widget_type=\"text-editor.default\">\n\t\t\t\t<div class=\"elementor-widget-container\">\n\t\t\t\t\t\t\t<p>Mein hiesiger Blick f\u00fchrt von der Marschallbr\u00fccke entlang der Spree. Historisch, geschichtliche und moderne Sehensw\u00fcrdigkeiten finden sich \u00fcberall in der Stadt. So auch an dieser Uferpromenade. Hier l\u00e4sst es sich wunderbar, entlang Richtung Reichstag schlendern, und auch Joggen, wer mag. Rechtsseitig, mit direkten Blick auf das entfernte Paul-L\u00f6be-Haus, l\u00e4uft man von der Br\u00fccke aus erst einmal an der Bibliothek des Deutschen Bundestages vorbei.<br \/><br \/>F\u00fcr mich ging eine Erlebnisreiche und tolle Woche mit sch\u00f6nen Erlebnissen und Eindr\u00fccken zu Ende. Besonders erfreue ich mich nat\u00fcrlich auch an meinen mitgebrachten Bildern, die mich an diese Reise nachhaltig zur\u00fcckerinnern werden.<\/p>\t\t\t\t\t\t<\/div>\n\t\t\t\t<\/div>\n\t\t\t\t\t<\/div>\n\t\t<\/div>\n\t\t\t\t\t\t\t<\/div>\n\t\t<\/section>\n\t\t\t\t<section class=\"elementor-section elementor-top-section elementor-element elementor-element-dfc000e elementor-section-boxed elementor-section-height-default elementor-section-height-default\" data-id=\"dfc000e\" data-element_type=\"section\">\n\t\t\t\t\t\t<div class=\"elementor-container elementor-column-gap-default\">\n\t\t\t\t\t<div class=\"elementor-column elementor-col-100 elementor-top-column elementor-element elementor-element-e2fcb16\" data-id=\"e2fcb16\" data-element_type=\"column\">\n\t\t\t<div class=\"elementor-widget-wrap elementor-element-populated\">\n\t\t\t\t\t\t\t\t<div class=\"elementor-element elementor-element-787d288 elementor-widget elementor-widget-image\" data-id=\"787d288\" data-element_type=\"widget\" data-widget_type=\"image.default\">\n\t\t\t\t<div class=\"elementor-widget-container\">\n\t\t\t\t\t\t\t\t\t\t\t\t\t\t\t<img loading=\"lazy\" decoding=\"async\" width=\"1920\" height=\"2560\" src=\"https:\/\/movingcamera.de\/wp-content\/uploads\/2022\/01\/DSF3338_1-s-scaled.jpg\" class=\"attachment-full size-full wp-image-26513\" alt=\"DSF3338_1-s\" srcset=\"https:\/\/movingcamera.de\/wp-content\/uploads\/2022\/01\/DSF3338_1-s-scaled.jpg 1920w, https:\/\/movingcamera.de\/wp-content\/uploads\/2022\/01\/DSF3338_1-s-225x300.jpg 225w, https:\/\/movingcamera.de\/wp-content\/uploads\/2022\/01\/DSF3338_1-s-700x933.jpg 700w, https:\/\/movingcamera.de\/wp-content\/uploads\/2022\/01\/DSF3338_1-s-768x1024.jpg 768w, https:\/\/movingcamera.de\/wp-content\/uploads\/2022\/01\/DSF3338_1-s-1152x1536.jpg 1152w, https:\/\/movingcamera.de\/wp-content\/uploads\/2022\/01\/DSF3338_1-s-1536x2048.jpg 1536w, https:\/\/movingcamera.de\/wp-content\/uploads\/2022\/01\/DSF3338_1-s-440x587.jpg 440w\" sizes=\"(max-width: 1920px) 100vw, 1920px\" \/>\t\t\t\t\t\t\t\t\t\t\t\t\t\t\t<\/div>\n\t\t\t\t<\/div>\n\t\t\t\t\t<\/div>\n\t\t<\/div>\n\t\t\t\t\t\t\t<\/div>\n\t\t<\/section>\n\t\t\t\t<section class=\"elementor-section elementor-top-section elementor-element elementor-element-ba2fbaf elementor-section-boxed elementor-section-height-default elementor-section-height-default\" data-id=\"ba2fbaf\" data-element_type=\"section\">\n\t\t\t\t\t\t<div class=\"elementor-container elementor-column-gap-default\">\n\t\t\t\t\t<div class=\"elementor-column elementor-col-100 elementor-top-column elementor-element elementor-element-e83908d\" data-id=\"e83908d\" data-element_type=\"column\">\n\t\t\t<div class=\"elementor-widget-wrap elementor-element-populated\">\n\t\t\t\t\t\t\t\t<div class=\"elementor-element elementor-element-fc83195 elementor-drop-cap-yes elementor-drop-cap-view-default elementor-widget elementor-widget-text-editor\" data-id=\"fc83195\" data-element_type=\"widget\" data-settings=\"{&quot;drop_cap&quot;:&quot;yes&quot;}\" data-widget_type=\"text-editor.default\">\n\t\t\t\t<div class=\"elementor-widget-container\">\n\t\t\t\t\t\t\t<p class=\"fcx-description-photo fcx-text-break\">Eines meiner Fotoziele war unter anderem das neobarocke Bode Museum im Ortsteil Mitte gelegen, welches zum Bauensemble der Museumsinsel geh\u00f6rt, und Weltkulturerbe der UNESCO ist.\u00a0<br \/><br \/>Der Standort war gefunden. Nachdem Stativ und Kamera ausgerichtet waren, brauchte ich nur noch auf den Moment der blauen Stunde und das einsetzten der Beleuchtung, die das Museum erhellte, warten. Ist alles entsprechend vorbereitet, genie\u00dfe ich die Zeit vor Ort, mich detailliert umzuschauen. Herrlich wie sich das Tageslicht immer mehr verabschiedet und die zunehmende Dunkelheit zunimmt. Die Blaue Stunde setzte bereits ein, die Beleuchtung des Museums lies noch auf sich warten. Ein spannender Moment der sich da einstellt. Dann ist es soweit, die Beleuchtung setzt ein. Nun entscheidet sich der Moment, wann die Kamera ausgel\u00f6st ist. Ein Probefoto gibt mir Aufschluss, ob es passt oder ich einfach noch ein wenig warten sollte. Am Ende habe ich sieben Aufnahmen gemacht, einige davon in monochromer Ablichtung.<br \/><br \/>Wieder ging ein fotografisch gef\u00fcllter Tag mit sch\u00f6ner Eindr\u00fccken und Erlebnissen zu Ende. Nun war es Zeit, die Kamera einzupacken, sp\u00e4ter Freunde zu treffen und den Abend entsprechend ausklingen zu lassen, bevor es am n\u00e4chsten Tag wieder auf ein neues losging.<\/p>\t\t\t\t\t\t<\/div>\n\t\t\t\t<\/div>\n\t\t\t\t<div class=\"elementor-element elementor-element-037c5e8 elementor-widget elementor-widget-image\" data-id=\"037c5e8\" data-element_type=\"widget\" data-widget_type=\"image.default\">\n\t\t\t\t<div class=\"elementor-widget-container\">\n\t\t\t\t\t\t\t\t\t\t\t\t\t\t\t<img loading=\"lazy\" decoding=\"async\" width=\"2560\" height=\"2560\" src=\"https:\/\/movingcamera.de\/wp-content\/uploads\/2022\/01\/DSF3331_5-2-frame-scaled.jpg\" class=\"attachment-full size-full wp-image-26488\" alt=\"\" srcset=\"https:\/\/movingcamera.de\/wp-content\/uploads\/2022\/01\/DSF3331_5-2-frame-scaled.jpg 2560w, https:\/\/movingcamera.de\/wp-content\/uploads\/2022\/01\/DSF3331_5-2-frame-300x300.jpg 300w, https:\/\/movingcamera.de\/wp-content\/uploads\/2022\/01\/DSF3331_5-2-frame-700x700.jpg 700w, https:\/\/movingcamera.de\/wp-content\/uploads\/2022\/01\/DSF3331_5-2-frame-150x150.jpg 150w, https:\/\/movingcamera.de\/wp-content\/uploads\/2022\/01\/DSF3331_5-2-frame-768x768.jpg 768w, https:\/\/movingcamera.de\/wp-content\/uploads\/2022\/01\/DSF3331_5-2-frame-1536x1536.jpg 1536w, https:\/\/movingcamera.de\/wp-content\/uploads\/2022\/01\/DSF3331_5-2-frame-2048x2048.jpg 2048w, https:\/\/movingcamera.de\/wp-content\/uploads\/2022\/01\/DSF3331_5-2-frame-440x440.jpg 440w, https:\/\/movingcamera.de\/wp-content\/uploads\/2022\/01\/DSF3331_5-2-frame-610x610.jpg 610w, https:\/\/movingcamera.de\/wp-content\/uploads\/2022\/01\/DSF3331_5-2-frame-144x144.jpg 144w\" sizes=\"(max-width: 2560px) 100vw, 2560px\" \/>\t\t\t\t\t\t\t\t\t\t\t\t\t\t\t<\/div>\n\t\t\t\t<\/div>\n\t\t\t\t\t<\/div>\n\t\t<\/div>\n\t\t\t\t\t\t\t<\/div>\n\t\t<\/section>\n\t\t\t\t<section class=\"elementor-section elementor-top-section elementor-element elementor-element-dac70e5 elementor-section-boxed elementor-section-height-default elementor-section-height-default\" data-id=\"dac70e5\" data-element_type=\"section\">\n\t\t\t\t\t\t<div class=\"elementor-container elementor-column-gap-default\">\n\t\t\t\t\t<div class=\"elementor-column elementor-col-100 elementor-top-column elementor-element elementor-element-35ad7aa\" data-id=\"35ad7aa\" data-element_type=\"column\">\n\t\t\t<div class=\"elementor-widget-wrap elementor-element-populated\">\n\t\t\t\t\t\t\t\t<div class=\"elementor-element elementor-element-58637c6 elementor-drop-cap-yes elementor-drop-cap-view-default elementor-widget elementor-widget-text-editor\" data-id=\"58637c6\" data-element_type=\"widget\" data-settings=\"{&quot;drop_cap&quot;:&quot;yes&quot;}\" data-widget_type=\"text-editor.default\">\n\t\t\t\t<div class=\"elementor-widget-container\">\n\t\t\t\t\t\t\t<p class=\"fcx-description-photo fcx-text-break\">Gerade wenn viel Zeit vorhanden ist, l\u00e4sst sich in aller Seelenruhe nach einem geeigneten Standort Ausschau zu halten. Ist der gefunden, stellt sich die Frage nach dem Bildaufbau, was ich immer ganz spannend finde. Eine sch\u00f6ne Herausforderung, die auch durch die Wahl der Brennweite und des Formats gefordert wird.\u00a0<\/p><p class=\"fcx-description-photo fcx-text-break\">Wieder stand das Bode Museum als zentrales Objekt im Fokus, jedoch zus\u00e4tzlich mit einbezogen, die Monbijourbr\u00fccke im Vordergrund. Die Uferzone samt Gel\u00e4nder als Eckl\u00e4ufer und den kahlen, blattlosen Baum als weiteres Gestaltungselement. Rechts aus dem Bild laufend die angrenzende Architektur. Links, den Weg ins Bild laufend, l\u00e4sst sich noch etwas vom Berliner Fernsehturm am Alexanderplatz erkennen.<\/p><p>Durch den Einsatz von ND-Filtern (1,8 + 3.0) erreichte ich meine gew\u00fcnschte Langzeitbelichtung um die Wasseroberfl\u00e4che der Spree entsprechend Strukturlos zu machen. Ein zus\u00e4tzlicher Pol-Filter, reduzierte mir vorhandene Spiegelungen. Bewusst habe ich mir hier f\u00fcr ein monochromes Bild entschieden, um diese historische Architektur, passend zur Jahreszeit, zu betonen.<\/p>\t\t\t\t\t\t<\/div>\n\t\t\t\t<\/div>\n\t\t\t\t<div class=\"elementor-element elementor-element-d30e107 elementor-widget elementor-widget-image\" data-id=\"d30e107\" data-element_type=\"widget\" data-widget_type=\"image.default\">\n\t\t\t\t<div class=\"elementor-widget-container\">\n\t\t\t\t\t\t\t\t\t\t\t\t\t\t\t<img loading=\"lazy\" decoding=\"async\" width=\"1482\" height=\"833\" src=\"https:\/\/movingcamera.de\/wp-content\/uploads\/2022\/01\/DSF3393_3-s-16-9.jpg\" class=\"attachment-full size-full wp-image-26526\" alt=\"_DSF3393_3 s 16-9\" srcset=\"https:\/\/movingcamera.de\/wp-content\/uploads\/2022\/01\/DSF3393_3-s-16-9.jpg 1482w, https:\/\/movingcamera.de\/wp-content\/uploads\/2022\/01\/DSF3393_3-s-16-9-300x169.jpg 300w, https:\/\/movingcamera.de\/wp-content\/uploads\/2022\/01\/DSF3393_3-s-16-9-700x393.jpg 700w, https:\/\/movingcamera.de\/wp-content\/uploads\/2022\/01\/DSF3393_3-s-16-9-768x432.jpg 768w, https:\/\/movingcamera.de\/wp-content\/uploads\/2022\/01\/DSF3393_3-s-16-9-440x247.jpg 440w\" sizes=\"(max-width: 1482px) 100vw, 1482px\" \/>\t\t\t\t\t\t\t\t\t\t\t\t\t\t\t<\/div>\n\t\t\t\t<\/div>\n\t\t\t\t<div class=\"elementor-element elementor-element-83729a9 elementor-drop-cap-yes elementor-drop-cap-view-default elementor-widget elementor-widget-text-editor\" data-id=\"83729a9\" data-element_type=\"widget\" data-settings=\"{&quot;drop_cap&quot;:&quot;yes&quot;}\" data-widget_type=\"text-editor.default\">\n\t\t\t\t<div class=\"elementor-widget-container\">\n\t\t\t\t\t\t\t<p class=\"fcx-description-photo fcx-text-break\">An einem weiteren Tag fuhr ich nochmals zur Oberbaumbr\u00fccke. Tage\u00a0 Zuvor war durch die tieferen Temperaturen die Spree ja gr\u00f6\u00dftenteils zugefroren. An diesen Tag jedoch, herrschten milde 11 Grad, tr\u00fcb wirkte der Himmel,. Es sah eher nach leichtem Regen aus. Daf\u00fcr war es absolut Windstill, pr\u00e4destiniert f\u00fcr eine traumhafte Spiegelung.<br \/><br \/>Immer wieder faszinierend, der fantastischen Blick, den man von jeder Seite rund um die Br\u00fccke aus auf die Stadt und den Fluss hat. Gerade zu Fu\u00df lohnt es, das ganze Areal zu erkunden. Wer hier unterwegs ist, sollte sich einiges an Zeit nehmen. Zu vieles was es an reizvollem zu entdecken gibt.<br \/><br \/>Die Oberbaumbr\u00fccke gilt als Wahrzeichen des Szenebezirks Friedrichshain-Kreuzberg und begeistert mit ihrer historischen und monumentalen Pr\u00e4senz. Von meinem Standpunkt aus bietet sich ein sch\u00f6ner Blick, der die Br\u00fccke vorz\u00fcglich in Szene setzt. Anreihend dazu finden sich dem Ufer links entlang laufend eine Parade an alten und teils neueren Geb\u00e4uden, die sich in ihrer abwechslungsreichen Architektur wahrlich ansprechend und harmonisch dem Gesamtbild f\u00fcgen.<\/p>\t\t\t\t\t\t<\/div>\n\t\t\t\t<\/div>\n\t\t\t\t<div class=\"elementor-element elementor-element-142f000 elementor-widget elementor-widget-image\" data-id=\"142f000\" data-element_type=\"widget\" data-widget_type=\"image.default\">\n\t\t\t\t<div class=\"elementor-widget-container\">\n\t\t\t\t\t\t\t\t\t\t\t\t\t\t\t<img loading=\"lazy\" decoding=\"async\" width=\"2560\" height=\"1440\" src=\"https:\/\/movingcamera.de\/wp-content\/uploads\/2022\/01\/DSF3395_1-3-b-16-9-scaled.jpg\" class=\"attachment-full size-full wp-image-26497\" alt=\"DSF3395_1-3-b-16-9\" srcset=\"https:\/\/movingcamera.de\/wp-content\/uploads\/2022\/01\/DSF3395_1-3-b-16-9-scaled.jpg 2560w, https:\/\/movingcamera.de\/wp-content\/uploads\/2022\/01\/DSF3395_1-3-b-16-9-300x169.jpg 300w, https:\/\/movingcamera.de\/wp-content\/uploads\/2022\/01\/DSF3395_1-3-b-16-9-700x394.jpg 700w, https:\/\/movingcamera.de\/wp-content\/uploads\/2022\/01\/DSF3395_1-3-b-16-9-768x432.jpg 768w, https:\/\/movingcamera.de\/wp-content\/uploads\/2022\/01\/DSF3395_1-3-b-16-9-1536x864.jpg 1536w, https:\/\/movingcamera.de\/wp-content\/uploads\/2022\/01\/DSF3395_1-3-b-16-9-2048x1152.jpg 2048w, https:\/\/movingcamera.de\/wp-content\/uploads\/2022\/01\/DSF3395_1-3-b-16-9-440x248.jpg 440w\" sizes=\"(max-width: 2560px) 100vw, 2560px\" \/>\t\t\t\t\t\t\t\t\t\t\t\t\t\t\t<\/div>\n\t\t\t\t<\/div>\n\t\t\t\t<div class=\"elementor-element elementor-element-f6e1188 elementor-drop-cap-yes elementor-drop-cap-view-default elementor-widget elementor-widget-text-editor\" data-id=\"f6e1188\" data-element_type=\"widget\" data-settings=\"{&quot;drop_cap&quot;:&quot;yes&quot;}\" data-widget_type=\"text-editor.default\">\n\t\t\t\t<div class=\"elementor-widget-container\">\n\t\t\t\t\t\t\t<p>Jeweils am Vorabend plante ich meine Fototour f\u00fcr den n\u00e4chsten Tag. Die Motive, die zur engeren Wahl standen, brauchte ich nur noch in der City-Map zu Orten, um sie der Reihe nach zu besuchen. Parallel dazu, suchte ich mir die Verbindungen von U- und S-Bahn und Bus heraus. F\u00fcr jenen Tag waren meine angedachten Fotoziele, die Oberbaumbr\u00fccke und die Minna-Todenbr\u00fccke, eine 1246,70m lange Stahlverbundbr\u00fccke im Berliner Bezirk Treptow-K\u00f6penick, die oberhalb des Britzer Verbindungskanals \u00fcber die Spree f\u00fchrt.<\/p><p>Gleich nach dem Fr\u00fchst\u00fcck brach ich auf und fuhr mit der U-Bahn zur Warschauer Stra\u00dfe, wo mein Bild &#8222;Oberbaumbr\u00fccke, ein Wahrzeichen Berlins&#8220; entstand. Anschlie\u00dfend nahm ich direkt von dort aus die S-Bahn und abschlie\u00dfend nochmal den Bus, um an mein weiteres Fotoziel, die Minna-Todenhageb-Br\u00fccke\u00a0 zu gelangen. Der Himmel zog sich bereits weiter zu, Nebel lag in der Luft und es wirkte immer diesiger. Zwischendurch fing es leicht an zu tr\u00f6pfeln, h\u00f6rte dann aber auch schnell wieder auf. F\u00fcr mich ein Zeichen, mich doch etwas zu sputen. Wer wusste, was sich da vielleicht anbahnte. An meinem Fotospot angekommen, lief ich unter die Br\u00fccke und baute sogleich Stativ und Kamera auf. Um die Wasseroberfl\u00e4che der Spree glatt zu bekommen, als sch\u00f6ner Kontrast zur rauen Stahlkonstruktion der Br\u00fccke, setzte ich zus\u00e4tzlich ND-Filter ein. F\u00fcr eine derartige lange Belichtungszeit, waren zwei ND Filter (1,8 + 3,0) erforderlich.<\/p><p>Zuerst hatte ich im Querformat mit 23mm (MF) Brennweite abgelichtet, was mir schon sehr gut gefiel. Dann entschied ich mich noch f\u00fcr ein Bild im Hochformat. Um eine andere Bildwirkung und Ausschnitt zu erzielen, w\u00e4hlte ich eine 110mm (MF) Brennweite. So entstand dann dieses Bild. Alles in allem war es f\u00fcr mich wieder ein gelungener und spannender Tag, da er mich an sehenswertes Bekanntes wie Unbekanntes f\u00fchrte.<\/p>\t\t\t\t\t\t<\/div>\n\t\t\t\t<\/div>\n\t\t\t\t<div class=\"elementor-element elementor-element-38fd300 elementor-widget elementor-widget-image\" data-id=\"38fd300\" data-element_type=\"widget\" data-widget_type=\"image.default\">\n\t\t\t\t<div class=\"elementor-widget-container\">\n\t\t\t\t\t\t\t\t\t\t\t\t\t\t\t<img loading=\"lazy\" decoding=\"async\" width=\"1947\" height=\"2560\" src=\"https:\/\/movingcamera.de\/wp-content\/uploads\/2022\/01\/DSF3399_1-Kopie-scaled.jpg\" class=\"attachment-full size-full wp-image-26498\" alt=\"\" srcset=\"https:\/\/movingcamera.de\/wp-content\/uploads\/2022\/01\/DSF3399_1-Kopie-scaled.jpg 1947w, https:\/\/movingcamera.de\/wp-content\/uploads\/2022\/01\/DSF3399_1-Kopie-228x300.jpg 228w, https:\/\/movingcamera.de\/wp-content\/uploads\/2022\/01\/DSF3399_1-Kopie-700x920.jpg 700w, https:\/\/movingcamera.de\/wp-content\/uploads\/2022\/01\/DSF3399_1-Kopie-768x1010.jpg 768w, https:\/\/movingcamera.de\/wp-content\/uploads\/2022\/01\/DSF3399_1-Kopie-1168x1536.jpg 1168w, https:\/\/movingcamera.de\/wp-content\/uploads\/2022\/01\/DSF3399_1-Kopie-1557x2048.jpg 1557w, https:\/\/movingcamera.de\/wp-content\/uploads\/2022\/01\/DSF3399_1-Kopie-440x579.jpg 440w\" sizes=\"(max-width: 1947px) 100vw, 1947px\" \/>\t\t\t\t\t\t\t\t\t\t\t\t\t\t\t<\/div>\n\t\t\t\t<\/div>\n\t\t\t\t<div class=\"elementor-element elementor-element-c920390 elementor-widget elementor-widget-image\" data-id=\"c920390\" data-element_type=\"widget\" data-widget_type=\"image.default\">\n\t\t\t\t<div class=\"elementor-widget-container\">\n\t\t\t\t\t\t\t\t\t\t\t\t\t\t\t<img loading=\"lazy\" decoding=\"async\" width=\"1893\" height=\"2560\" src=\"https:\/\/movingcamera.de\/wp-content\/uploads\/2022\/01\/DSF3266-s-scaled.jpg\" class=\"attachment-full size-full wp-image-26648\" alt=\"_DSF3266-s\" srcset=\"https:\/\/movingcamera.de\/wp-content\/uploads\/2022\/01\/DSF3266-s-scaled.jpg 1893w, https:\/\/movingcamera.de\/wp-content\/uploads\/2022\/01\/DSF3266-s-222x300.jpg 222w, https:\/\/movingcamera.de\/wp-content\/uploads\/2022\/01\/DSF3266-s-700x947.jpg 700w, https:\/\/movingcamera.de\/wp-content\/uploads\/2022\/01\/DSF3266-s-768x1039.jpg 768w, https:\/\/movingcamera.de\/wp-content\/uploads\/2022\/01\/DSF3266-s-1136x1536.jpg 1136w, https:\/\/movingcamera.de\/wp-content\/uploads\/2022\/01\/DSF3266-s-1514x2048.jpg 1514w, https:\/\/movingcamera.de\/wp-content\/uploads\/2022\/01\/DSF3266-s-440x595.jpg 440w\" sizes=\"(max-width: 1893px) 100vw, 1893px\" \/>\t\t\t\t\t\t\t\t\t\t\t\t\t\t\t<\/div>\n\t\t\t\t<\/div>\n\t\t\t\t<div class=\"elementor-element elementor-element-0b3cbd7 elementor-drop-cap-yes elementor-drop-cap-view-default elementor-widget elementor-widget-text-editor\" data-id=\"0b3cbd7\" data-element_type=\"widget\" data-settings=\"{&quot;drop_cap&quot;:&quot;yes&quot;}\" data-widget_type=\"text-editor.default\">\n\t\t\t\t<div class=\"elementor-widget-container\">\n\t\t\t\t\t\t\t<p>Unterwegs auf der Spreeinsel in der Historischen Mitte Berlins, Ortsteil Mitte im gleichnamigen Bezirk. Der Blick f\u00fchrt direkt von meinem Standort am Schlossplatz unweigerlich auf den auf den 368 m hohen Berliner Fernsehturm zu, der 1969 er\u00f6ffnet er\u00f6ffnet wurde. Eine Aussichtsplattform befindet in 203 m H\u00f6he, dar\u00fcber ein sich drehendes Restaurant in 207 m.<br \/><br \/>Linksseitig erhascht man die barocke S\u00fcdfassade des Berliner Schlosses. Tr\u00e4ger ist die Stiftung Humboldt Forum. Das Geb\u00e4ude wurde von 2012 bis 2020 an der Stelle des historischen Berliner Schlosses errichtet und weist an drei Au\u00dfenseiten sowie in seinen Innenh\u00f6fen dessen rekonstruierte Fassaden auf. Mit Schausammlungen der Staatlichen Museen zu Berlin, des Stadtmuseums Berlin und der Humboldt-Universit\u00e4t zu Berlin erweitert es das Angebot der Museumsinsel.<br \/><br \/>Gegen\u00fcberliegend auf der rechten Seite beginnt mit dem ersten Geb\u00e4ude, die European School of Management and Technology Berlin, eine private, mit Universit\u00e4ten gleichgestellte Wirtschaftshochschule mit Sitz in Berlin. Nachfolgend der Stra\u00dfe entlang laufend, findet sich die staatliche Hochschule f\u00fcr Musik Hanns Eisler Berlin, die 1950 gegr\u00fcndet wurde und eine der f\u00fchrenden Musikhochschulen Europas ist. Weiter erreicht man die Rathausbr\u00fccke, wo auch die Rathausstra\u00dfe beginnt. Nach einigen Gehminuten erreicht man das Rote Rathaus, Sitz der amtierenden regierenden B\u00fcrgermeisterin Franziska Giffey, der Senatskanzlei und Tagungsort des Senats von Berlin. Im Bild ist noch ein Teil des Turmes vom Roten Rathaus zu sehen.\u00a0<\/p>\t\t\t\t\t\t<\/div>\n\t\t\t\t<\/div>\n\t\t\t\t<div class=\"elementor-element elementor-element-480003e elementor-widget elementor-widget-image\" data-id=\"480003e\" data-element_type=\"widget\" data-widget_type=\"image.default\">\n\t\t\t\t<div class=\"elementor-widget-container\">\n\t\t\t\t\t\t\t\t\t\t\t\t\t\t\t<img loading=\"lazy\" decoding=\"async\" width=\"2560\" height=\"1447\" src=\"https:\/\/movingcamera.de\/wp-content\/uploads\/2022\/01\/DSF3401_6-16-9-s-scaled.jpg\" class=\"attachment-full size-full wp-image-26656\" alt=\"\" srcset=\"https:\/\/movingcamera.de\/wp-content\/uploads\/2022\/01\/DSF3401_6-16-9-s-scaled.jpg 2560w, https:\/\/movingcamera.de\/wp-content\/uploads\/2022\/01\/DSF3401_6-16-9-s-300x170.jpg 300w, https:\/\/movingcamera.de\/wp-content\/uploads\/2022\/01\/DSF3401_6-16-9-s-700x396.jpg 700w, https:\/\/movingcamera.de\/wp-content\/uploads\/2022\/01\/DSF3401_6-16-9-s-768x434.jpg 768w, https:\/\/movingcamera.de\/wp-content\/uploads\/2022\/01\/DSF3401_6-16-9-s-1536x868.jpg 1536w, https:\/\/movingcamera.de\/wp-content\/uploads\/2022\/01\/DSF3401_6-16-9-s-2048x1157.jpg 2048w, https:\/\/movingcamera.de\/wp-content\/uploads\/2022\/01\/DSF3401_6-16-9-s-440x249.jpg 440w\" sizes=\"(max-width: 2560px) 100vw, 2560px\" \/>\t\t\t\t\t\t\t\t\t\t\t\t\t\t\t<\/div>\n\t\t\t\t<\/div>\n\t\t\t\t<div class=\"elementor-element elementor-element-7baa0df elementor-drop-cap-yes elementor-drop-cap-view-default elementor-widget elementor-widget-text-editor\" data-id=\"7baa0df\" data-element_type=\"widget\" data-settings=\"{&quot;drop_cap&quot;:&quot;yes&quot;}\" data-widget_type=\"text-editor.default\">\n\t\t\t\t<div class=\"elementor-widget-container\">\n\t\t\t\t\t\t\t<p>Morgens ging es zuerst zur Oberbaumbr\u00fccke, die die Ortsteile Kreuzberg und Friedrichshain verbindet. Von dort aus zur Minna-Todenhagen-Br\u00fccke in den Bezirk Treptow-K\u00f6penick und\u00a0 abschlie\u00dfend hier zu sehen, noch zum Berliner Hauptbahnhof, in den Bezirk Mitte, Ortsteil Moabit, um unter der Gustav-Heinemann-Br\u00fccke den fotografischen Blick auf den gegen\u00fcberliegenden Hauptbahnhof zu legen.<\/p><p>Gleich rechts vom HBF findet sich die Hugo-Preuss-Br\u00fccke, an der Einfahrt zum Berlin-Spandauer-Schifffahrtskanal. Sie verl\u00e4uft nahtlos \u00fcber, entlang der Spree, in das Kapelle Ufer. Ein idealer Blick, um von dieser Br\u00fccke aus den Verlauf der Promenade fotografisch ins Visier zu nehmen. Dazu gab es passend eine Portion &#8222;Fotografengl\u00fcck&#8220;, die blaue Stunde war mir sicher.<\/p>\t\t\t\t\t\t<\/div>\n\t\t\t\t<\/div>\n\t\t\t\t<div class=\"elementor-element elementor-element-469bd6a elementor-widget elementor-widget-image\" data-id=\"469bd6a\" data-element_type=\"widget\" data-widget_type=\"image.default\">\n\t\t\t\t<div class=\"elementor-widget-container\">\n\t\t\t\t\t\t\t\t\t\t\t\t\t\t\t<img loading=\"lazy\" decoding=\"async\" width=\"1920\" height=\"2560\" src=\"https:\/\/movingcamera.de\/wp-content\/uploads\/2022\/01\/DSF3405-4-bs-scaled.jpg\" class=\"attachment-full size-full wp-image-26651\" alt=\"_DSF3405-4 bs\" srcset=\"https:\/\/movingcamera.de\/wp-content\/uploads\/2022\/01\/DSF3405-4-bs-scaled.jpg 1920w, https:\/\/movingcamera.de\/wp-content\/uploads\/2022\/01\/DSF3405-4-bs-225x300.jpg 225w, https:\/\/movingcamera.de\/wp-content\/uploads\/2022\/01\/DSF3405-4-bs-700x933.jpg 700w, https:\/\/movingcamera.de\/wp-content\/uploads\/2022\/01\/DSF3405-4-bs-768x1024.jpg 768w, https:\/\/movingcamera.de\/wp-content\/uploads\/2022\/01\/DSF3405-4-bs-1152x1536.jpg 1152w, https:\/\/movingcamera.de\/wp-content\/uploads\/2022\/01\/DSF3405-4-bs-1536x2048.jpg 1536w, https:\/\/movingcamera.de\/wp-content\/uploads\/2022\/01\/DSF3405-4-bs-440x587.jpg 440w\" sizes=\"(max-width: 1920px) 100vw, 1920px\" \/>\t\t\t\t\t\t\t\t\t\t\t\t\t\t\t<\/div>\n\t\t\t\t<\/div>\n\t\t\t\t<div class=\"elementor-element elementor-element-291928b elementor-drop-cap-yes elementor-drop-cap-view-default elementor-widget elementor-widget-text-editor\" data-id=\"291928b\" data-element_type=\"widget\" data-settings=\"{&quot;drop_cap&quot;:&quot;yes&quot;}\" data-widget_type=\"text-editor.default\">\n\t\t\t\t<div class=\"elementor-widget-container\">\n\t\t\t\t\t\t\t<p>Ein wundervolle und impulsive Reise ging damit zu Ende. Nicht nur das ich meine Freunde dort nach langer Corona Abstinenz wiedersehen konnte, sondern auch, dass ich meine Zeit auch fotografisch bestens gestallten konnte, unabh\u00e4ngig vom Wetter. Die Freude endlich mal wieder zu Reisen, dabei an bekannte wie unbekannte Orte zu gelangen, um Sehenswertes mit der Kamera einzufangen, bleibt f\u00fcr mich ein unvergessenes Erlebnis.<\/p>\t\t\t\t\t\t<\/div>\n\t\t\t\t<\/div>\n\t\t\t\t\t<\/div>\n\t\t<\/div>\n\t\t\t\t\t\t\t<\/div>\n\t\t<\/section>\n\t\t\t\t<section class=\"elementor-section elementor-top-section elementor-element elementor-element-3537e6f elementor-section-boxed elementor-section-height-default elementor-section-height-default\" data-id=\"3537e6f\" data-element_type=\"section\">\n\t\t\t\t\t\t<div class=\"elementor-container elementor-column-gap-default\">\n\t\t\t\t\t<div class=\"elementor-column elementor-col-100 elementor-top-column elementor-element elementor-element-f200d59\" data-id=\"f200d59\" data-element_type=\"column\">\n\t\t\t<div class=\"elementor-widget-wrap elementor-element-populated\">\n\t\t\t\t\t\t\t\t<div class=\"elementor-element elementor-element-45bc5d0 elementor-widget elementor-widget-spacer\" data-id=\"45bc5d0\" data-element_type=\"widget\" data-widget_type=\"spacer.default\">\n\t\t\t\t<div class=\"elementor-widget-container\">\n\t\t\t\t\t<div class=\"elementor-spacer\">\n\t\t\t<div class=\"elementor-spacer-inner\"><\/div>\n\t\t<\/div>\n\t\t\t\t<\/div>\n\t\t\t\t<\/div>\n\t\t\t\t\t<\/div>\n\t\t<\/div>\n\t\t\t\t\t\t\t<\/div>\n\t\t<\/section>\n\t\t\t\t\t\t\t<\/div>\n\t\t","protected":false},"excerpt":{"rendered":"<p>MovingCamera Photography &amp; Travel \/\/\/ Fotoreise Berlin&nbsp; Endlich wieder einmal in Berlin. Es war nach wirklich langer ein gro\u00dfartiges Gef\u00fchl in der Hauptstadt zu verweilen. Da ich fr\u00fcher f\u00fcr Jahre in Berlin wohnte, ist hier ein jeder Besuch f\u00fcr mich [&hellip;]<\/p>\n","protected":false},"author":2,"featured_media":0,"parent":0,"menu_order":0,"comment_status":"closed","ping_status":"closed","template":"","meta":{"footnotes":""},"_links":{"self":[{"href":"https:\/\/movingcamera.de\/index.php?rest_route=\/wp\/v2\/pages\/26545"}],"collection":[{"href":"https:\/\/movingcamera.de\/index.php?rest_route=\/wp\/v2\/pages"}],"about":[{"href":"https:\/\/movingcamera.de\/index.php?rest_route=\/wp\/v2\/types\/page"}],"author":[{"embeddable":true,"href":"https:\/\/movingcamera.de\/index.php?rest_route=\/wp\/v2\/users\/2"}],"replies":[{"embeddable":true,"href":"https:\/\/movingcamera.de\/index.php?rest_route=%2Fwp%2Fv2%2Fcomments&post=26545"}],"version-history":[{"count":101,"href":"https:\/\/movingcamera.de\/index.php?rest_route=\/wp\/v2\/pages\/26545\/revisions"}],"predecessor-version":[{"id":30067,"href":"https:\/\/movingcamera.de\/index.php?rest_route=\/wp\/v2\/pages\/26545\/revisions\/30067"}],"wp:attachment":[{"href":"https:\/\/movingcamera.de\/index.php?rest_route=%2Fwp%2Fv2%2Fmedia&parent=26545"}],"curies":[{"name":"wp","href":"https:\/\/api.w.org\/{rel}","templated":true}]}}